{"id":127,"date":"2017-10-21T13:31:09","date_gmt":"2017-10-21T13:31:09","guid":{"rendered":"http:\/\/www.garter.cz\/?page_id=127"},"modified":"2017-10-21T13:31:33","modified_gmt":"2017-10-21T13:31:33","slug":"okna-dvere","status":"publish","type":"page","link":"https:\/\/www.garter.cz\/index.php\/okna-dvere\/","title":{"rendered":"Okna, dve\u0159e"},"content":{"rendered":"<div class=\"thn_post_wrap\">\n<div id=\"stcpDiv\">\n<h1><img fetchpriority=\"high\" decoding=\"async\" class=\"size-full wp-image-130 alignright\" src=\"http:\/\/www.garter.cz\/wp-content\/uploads\/2017\/10\/sulko-profi-line-section-300x300.png\" alt=\"\" width=\"300\" height=\"300\" srcset=\"https:\/\/www.garter.cz\/wp-content\/uploads\/2017\/10\/sulko-profi-line-section-300x300.png 300w, https:\/\/www.garter.cz\/wp-content\/uploads\/2017\/10\/sulko-profi-line-section-300x300-100x100.png 100w, https:\/\/www.garter.cz\/wp-content\/uploads\/2017\/10\/sulko-profi-line-section-300x300-150x150.png 150w\" sizes=\"(max-width: 300px) 100vw, 300px\" \/><\/h1>\n<h1>Plastov\u00e1 okna<\/h1>\n<p class=\"txt centerTxt\">Plastov\u00e1 okna ze \u0161pi\u010dkov\u00fdch n\u011bmeck\u00fdch plastov\u00fdch profil\u016f REHAU GENEO jsou velmi obl\u00edben\u00e1 pro\u00a0jejich snadnou \u00fadr\u017ebu, dlouhou \u017eivotnost, funk\u010dnost, tepeln\u011b izola\u010dn\u00ed a\u00a0konstruk\u010dn\u00ed vlastnosti. Dal\u0161\u00ed p\u0159ednost\u00ed plastov\u00fdch oken je\u00a0snadn\u00e1 opravitelnost, variabilita nebo\u00a0dostupn\u00fd profesion\u00e1ln\u00ed servis. Plastov\u00e1 okna vyr\u00e1b\u00edme v\u00a0modern\u00edm designu, vybrat si m\u016f\u017eete z\u00a0mnoha barev a\u00a0dekor\u016f, probl\u00e9m nejsou ani\u00a0nadstandardn\u00ed rozm\u011bry. D\u00edky tomu se na\u0161e okna hod\u00ed do\u00a0v\u0161ech typ\u016f budov.<\/p>\n<div id=\"stcpDiv\">\n<h1>Plastov\u00e9 dve\u0159e<\/h1>\n<p class=\"txt centerTxt\">Vchodov\u00e9, balkonov\u00e9, odsuvn\u00e9 i skl\u00e1dac\u00ed dve\u0159e jsou vyrobeny z vysoce odoln\u00fdch plastov\u00fdch profil\u016f, aby zajistily pot\u0159ebnou \u00farove\u0148 zabezpe\u010den\u00ed, a sou\u010dasn\u011b je lze doplnit p\u0159\u00edslu\u0161enstv\u00edm v nep\u0159ebern\u00e9m mno\u017estv\u00ed barev, typ\u016f a tvar\u016f.<\/p>\n<p class=\"txt centerTxt\">Modern\u00ed plastov\u00e9 dve\u0159e poskytuj\u00ed krom\u011b bezkonkuren\u010dn\u00edch tepeln\u011b izola\u010dn\u00edch a konstruk\u010dn\u00edch vlastnost\u00ed i dal\u0161\u00ed v\u00fdhody \u2013 jde nap\u0159\u00edklad o snadnou opravitelnost, variabilitu nebo dostupn\u00fd profesion\u00e1ln\u00ed servis. Nezanedbatelnou v\u00fdhodou pro kreativitu a modern\u00ed design je mo\u017enost v\u00fdroby dve\u0159\u00ed nadstandardn\u00edch rozm\u011br\u016f. N\u00e1roky na \u00fadr\u017ebu plastov\u00fdch dve\u0159\u00ed jsou nav\u00edc nesrovnateln\u011b men\u0161\u00ed ne\u017e u ostatn\u00edch typ\u016f materi\u00e1lu. Kvalitn\u00ed plastov\u00e9 profily dosahuj\u00ed dlouh\u00e9 \u017eivotnosti a neomezuj\u00ed se jen na uplatn\u011bn\u00ed v podob\u011b klasick\u00fdch dve\u0159\u00ed.<\/p>\n<\/div>\n<div id=\"stcpDiv\">\n<h1><img decoding=\"async\" class=\"size-full wp-image-129 alignright\" src=\"http:\/\/www.garter.cz\/wp-content\/uploads\/2017\/10\/okna_classical-300x300.png\" alt=\"\" width=\"300\" height=\"300\" srcset=\"https:\/\/www.garter.cz\/wp-content\/uploads\/2017\/10\/okna_classical-300x300.png 300w, https:\/\/www.garter.cz\/wp-content\/uploads\/2017\/10\/okna_classical-300x300-100x100.png 100w, https:\/\/www.garter.cz\/wp-content\/uploads\/2017\/10\/okna_classical-300x300-150x150.png 150w\" sizes=\"(max-width: 300px) 100vw, 300px\" \/>Hlin\u00edkov\u00e1 okna<\/h1>\n<p class=\"txt centerTxt\">Hlin\u00edkov\u00e1 okna se stala obl\u00edben\u00fdmi zejm\u00e9na pro svoji odolnost. P\u0159ednost\u00ed hlin\u00edkov\u00fdch oken je mimo\u0159\u00e1dn\u00e1 pevnost, minim\u00e1ln\u00ed \u00fadr\u017eba, bezpe\u010dnost, luxusn\u00ed vzhled a p\u0159edev\u0161\u00edm trvanlivost. Hlin\u00edkov\u00e1 okna maj\u00ed p\u0159esnou konstrukci, hlin\u00edk dr\u017e\u00ed sv\u016fj tvar po cel\u00e1 l\u00e9ta \u2013 nedoch\u00e1z\u00ed k deformac\u00edm. Hlin\u00edk je vhodn\u00fd pro u\u017eit\u00ed u budov s velk\u00fdm prosklen\u00fdm prostorem. U takov\u00fdch \u0159e\u0161en\u00ed nav\u00edc doch\u00e1z\u00ed k \u0161et\u0159en\u00ed elektrick\u00e9 energie, jinak vynucen\u00e9 um\u011bl\u00fdm osv\u011btlov\u00e1n\u00edm interi\u00e9r\u016f. Tato okna jsou vhodn\u00e1 p\u0159edev\u0161\u00edm do frekventovan\u00fdch \u00fasek\u016f nap\u0159\u00edklad panelov\u00fdch dom\u016f, \u00fa\u0159ad\u016f \u010di provozn\u00edch budov. Sv\u00e9 m\u00edsto si d\u00edky neot\u0159el\u00e9mu, luxusn\u00edmu vzhledu najdou tak\u00e9 u vyznava\u010d\u016f kvalitn\u00edho designu.<\/p>\n<\/div>\n<div id=\"stcpDiv\">\n<h1>Hlin\u00edkov\u00e9 dve\u0159e<\/h1>\n<p class=\"txt centerTxt\">Varianta profilov\u00e9ho syst\u00e9mu ClassicAl je bez tepeln\u00fdch vlo\u017eek v izola\u010dn\u00edch m\u016fstc\u00edch. Jedn\u00e1 se o ekonomickou volbu vyu\u017e\u00edvanou p\u0159edev\u0161\u00edm pro komer\u010dn\u00ed objekty. Dve\u0159e lze doplnit o vlo\u017eky v izola\u010dn\u00edch m\u016fstc\u00edch pro sn\u00ed\u017een\u00ed tepleln\u00fdch ztr\u00e1t u rodinn\u00fdch dom\u016f ve variant\u011b ClassicAl+.<\/p>\n<p class=\"txt centerTxt\">Profilov\u00e1 \u0159ada OptimAl, OptimAl+ a ProfiAl je s vlo\u017een\u00fdmi p\u0159ep\u00e1\u017ekami v izola\u010dn\u00edm m\u016fstku, tedy se zv\u00fd\u0161en\u00fdmi tepeln\u011bizola\u010dn\u00edmi hodnotami. Ty mohou d\u00e1le vylep\u0161it izol\u00e1tory v izola\u010dn\u00edch vlo\u017ek\u00e1ch ve variant\u011b OptimAl+, \u010di v\u00fdpl\u0148 Aerogelem ve verzi ProfiAl. Vchodov\u00e9 dve\u0159e jsou dod\u00e1v\u00e1ny s n\u00edzk\u00fdm, kart\u00e1\u010dkov\u00fdm nebo automatick\u00fdm prahem a jsou tedy vhodn\u00e9 do bezbari\u00e9rov\u00fdch prostor.<\/p>\n<\/div>\n<div id=\"stcpDiv\">\n<div id=\"stcpDiv\">\n<h1><img decoding=\"async\" class=\"size-medium wp-image-128 alignright\" src=\"http:\/\/www.garter.cz\/wp-content\/uploads\/2017\/10\/drevene-dvere-prehled3-165x300-165x300.jpg\" alt=\"\" width=\"165\" height=\"300\" \/>D\u0159ev\u011bn\u00e1 okna<\/h1>\n<p class=\"txt centerTxt\">D\u0159ev\u011bn\u00e1 okna se pou\u017e\u00edvaj\u00ed p\u0159ev\u00e1\u017en\u011b pro rodinn\u00e9 domy a to zejm\u00e9na z estetick\u00e9ho d\u016fvodu. Pro skv\u011blou izolaci a modern\u00ed vzhled je z\u00e1kazn\u00edci \u010dasto vol\u00ed i do novostaveb nebo p\u0159i rekonstrukc\u00edch. Modern\u00ed d\u0159ev\u011bn\u00e1 okna se vyzna\u010duj\u00ed v\u00fdborn\u00fdmi mechanick\u00fdmi i funk\u010dn\u00edmi vlastnostmi. D\u0159ev\u011bn\u00e1 okna maj\u00ed speci\u00e1ln\u00ed zaskl\u00edvac\u00ed syst\u00e9my a t\u011bsn\u011bn\u00ed, maj\u00ed tak\u00e9 kvalitn\u00ed povrchovou \u00fapravu i kov\u00e1n\u00ed. Pro v\u00fdrobu eurooken pou\u017e\u00edv\u00e1me v\u00fdhradn\u011b d\u0159evo vysok\u00e9 kvality, a tak d\u0159ev\u011bn\u00e1 okna spl\u0148uj\u00ed ve\u0161ker\u00e9 n\u00e1roky na izolaci obytn\u00fdch prostor od hluku, tepeln\u00fdch ztr\u00e1t a ochranu p\u0159ed vn\u011bj\u0161\u00edmi vlivy.<\/p>\n<div id=\"stcpDiv\">\n<h1>D\u0159ev\u011bn\u00e9 dve\u0159e<\/h1>\n<p class=\"txt centerTxt\">Dok\u00e1\u017eeme nab\u00eddnout tvar a \u010dlen\u011bn\u00ed vchodov\u00fdch d\u0159ev\u011bn\u00fdch dve\u0159\u00ed dle p\u0159\u00e1n\u00ed z\u00e1kazn\u00edk\u016f. Modern\u00ed d\u0159ev\u011bn\u00e9 vchodov\u00e9 dve\u0159e maj\u00ed v\u00fdborn\u00e9 vlastnosti: stabilitu, pevnost a n\u00edzkou tepelnou rozta\u017enost. Pou\u017e\u00edv\u00e1me d\u0159evo vysok\u00e9 kvality, speci\u00e1ln\u00ed zaskl\u00edvac\u00ed syst\u00e9my a kvalitn\u00ed povrchovou \u00fapravu i kov\u00e1n\u00ed.<\/p>\n<\/div>\n<div id=\"stcpDiv\">\n<h1>Zimn\u00ed zahrady<\/h1>\n<p class=\"txt centerTxt\">Hlin\u00edkov\u00e9 i plastov\u00e9 profily najdou m\u00edsto tak\u00e9 v konstrukc\u00edch zimn\u00edch zahrad. P\u0159i spr\u00e1vn\u00e9 volb\u011b syst\u00e9mu je jejich v\u00fdhodou vysok\u00e1 pevnost, tak\u017ee z nich lze budovat i n\u00e1ro\u010dn\u011bj\u0161\u00ed, rozm\u011brn\u00e9 konstrukce, nap\u0159. s velk\u00fdmi prosklen\u00fdmi plochami nebo s pevn\u00fdm zast\u0159e\u0161en\u00edm.<\/p>\n<p class=\"txt centerTxt\">Hlin\u00edk i plast jsou v t\u011bchto p\u0159\u00edpadech op\u011bt nen\u00e1ro\u010dn\u00e9 na \u00fadr\u017ebu. Kombinac\u00ed v\u00edce typ\u016f materi\u00e1lu lze snadno p\u0159eru\u0161it tepeln\u00e9 mosty a sn\u00ed\u017eit p\u0159\u00edpadnou vy\u0161\u0161\u00ed tepelnou vodivost konstrukc\u00ed.<\/p>\n<\/div>\n<\/div>\n<\/div>\n<\/div>\n<\/div>\n","protected":false},"excerpt":{"rendered":"<p>Plastov\u00e1 okna Plastov\u00e1 okna ze \u0161pi\u010dkov\u00fdch n\u011bmeck\u00fdch plastov\u00fdch profil\u016f REHAU GENEO jsou velmi obl\u00edben\u00e1 pro\u00a0jejich snadnou \u00fadr\u017ebu, dlouhou \u017eivotnost, funk\u010dnost, tepeln\u011b izola\u010dn\u00ed a\u00a0konstruk\u010dn\u00ed vlastnosti. Dal\u0161\u00ed p\u0159ednost\u00ed plastov\u00fdch oken je\u00a0snadn\u00e1 opravitelnost, variabilita nebo\u00a0dostupn\u00fd profesion\u00e1ln\u00ed servis. Plastov\u00e1 okna vyr\u00e1b\u00edme v\u00a0modern\u00edm designu, vybrat si m\u016f\u017eete z\u00a0mnoha barev a\u00a0dekor\u016f, probl\u00e9m nejsou ani\u00a0nadstandardn\u00ed rozm\u011bry. D\u00edky tomu se na\u0161e okna hod\u00ed&hellip;<\/p>\n","protected":false},"author":1,"featured_media":0,"parent":0,"menu_order":0,"comment_status":"closed","ping_status":"closed","template":"template_parts\/page-fullwidth_template.php","meta":[],"yoast_head":"<!-- This site is optimized with the Yoast SEO plugin v19.12 - https:\/\/yoast.com\/wordpress\/plugins\/seo\/ -->\n<title>Okna, dve\u0159e | GARTER<\/title>\n<meta name=\"robots\" content=\"index, follow, max-snippet:-1, max-image-preview:large, max-video-preview:-1\" \/>\n<link rel=\"canonical\" href=\"https:\/\/www.garter.cz\/index.php\/okna-dvere\/\" \/>\n<meta property=\"og:locale\" content=\"cs_CZ\" \/>\n<meta property=\"og:type\" content=\"article\" \/>\n<meta property=\"og:title\" content=\"Okna, dve\u0159e | GARTER\" \/>\n<meta property=\"og:description\" content=\"Plastov\u00e1 okna Plastov\u00e1 okna ze \u0161pi\u010dkov\u00fdch n\u011bmeck\u00fdch plastov\u00fdch profil\u016f REHAU GENEO jsou velmi obl\u00edben\u00e1 pro\u00a0jejich snadnou \u00fadr\u017ebu, dlouhou \u017eivotnost, funk\u010dnost, tepeln\u011b izola\u010dn\u00ed a\u00a0konstruk\u010dn\u00ed vlastnosti. Dal\u0161\u00ed p\u0159ednost\u00ed plastov\u00fdch oken je\u00a0snadn\u00e1 opravitelnost, variabilita nebo\u00a0dostupn\u00fd profesion\u00e1ln\u00ed servis. Plastov\u00e1 okna vyr\u00e1b\u00edme v\u00a0modern\u00edm designu, vybrat si m\u016f\u017eete z\u00a0mnoha barev a\u00a0dekor\u016f, probl\u00e9m nejsou ani\u00a0nadstandardn\u00ed rozm\u011bry. D\u00edky tomu se na\u0161e okna hod\u00ed&hellip;\" \/>\n<meta property=\"og:url\" content=\"https:\/\/www.garter.cz\/index.php\/okna-dvere\/\" \/>\n<meta property=\"og:site_name\" content=\"GARTER\" \/>\n<meta property=\"article:publisher\" content=\"https:\/\/www.facebook.com\/Garter-180263639189596\/\" \/>\n<meta property=\"article:modified_time\" content=\"2017-10-21T13:31:33+00:00\" \/>\n<meta property=\"og:image\" content=\"http:\/\/www.garter.cz\/wp-content\/uploads\/2017\/10\/sulko-profi-line-section-300x300.png\" \/>\n<meta name=\"twitter:card\" content=\"summary_large_image\" \/>\n<meta name=\"twitter:label1\" content=\"Odhadovan\u00e1 doba \u010dten\u00ed\" \/>\n\t<meta name=\"twitter:data1\" content=\"4 minuty\" \/>\n<script type=\"application\/ld+json\" class=\"yoast-schema-graph\">{\"@context\":\"https:\/\/schema.org\",\"@graph\":[{\"@type\":\"WebPage\",\"@id\":\"https:\/\/www.garter.cz\/index.php\/okna-dvere\/\",\"url\":\"https:\/\/www.garter.cz\/index.php\/okna-dvere\/\",\"name\":\"Okna, dve\u0159e | GARTER\",\"isPartOf\":{\"@id\":\"https:\/\/www.garter.cz\/#website\"},\"datePublished\":\"2017-10-21T13:31:09+00:00\",\"dateModified\":\"2017-10-21T13:31:33+00:00\",\"breadcrumb\":{\"@id\":\"https:\/\/www.garter.cz\/index.php\/okna-dvere\/#breadcrumb\"},\"inLanguage\":\"cs\",\"potentialAction\":[{\"@type\":\"ReadAction\",\"target\":[\"https:\/\/www.garter.cz\/index.php\/okna-dvere\/\"]}]},{\"@type\":\"BreadcrumbList\",\"@id\":\"https:\/\/www.garter.cz\/index.php\/okna-dvere\/#breadcrumb\",\"itemListElement\":[{\"@type\":\"ListItem\",\"position\":1,\"name\":\"Dom\u016f\",\"item\":\"https:\/\/www.garter.cz\/\"},{\"@type\":\"ListItem\",\"position\":2,\"name\":\"Okna, dve\u0159e\"}]},{\"@type\":\"WebSite\",\"@id\":\"https:\/\/www.garter.cz\/#website\",\"url\":\"https:\/\/www.garter.cz\/\",\"name\":\"GARTER\",\"description\":\"Profesion\u00e1ln\u00ed st\u00edn\u00edc\u00ed technika\",\"publisher\":{\"@id\":\"https:\/\/www.garter.cz\/#organization\"},\"potentialAction\":[{\"@type\":\"SearchAction\",\"target\":{\"@type\":\"EntryPoint\",\"urlTemplate\":\"https:\/\/www.garter.cz\/?s={search_term_string}\"},\"query-input\":\"required name=search_term_string\"}],\"inLanguage\":\"cs\"},{\"@type\":\"Organization\",\"@id\":\"https:\/\/www.garter.cz\/#organization\",\"name\":\"GARTER\",\"url\":\"https:\/\/www.garter.cz\/\",\"logo\":{\"@type\":\"ImageObject\",\"inLanguage\":\"cs\",\"@id\":\"https:\/\/www.garter.cz\/#\/schema\/logo\/image\/\",\"url\":\"https:\/\/www.garter.cz\/wp-content\/uploads\/2017\/10\/logo-pr\u016fhledn\u00e9-e1508868751734.png\",\"contentUrl\":\"https:\/\/www.garter.cz\/wp-content\/uploads\/2017\/10\/logo-pr\u016fhledn\u00e9-e1508868751734.png\",\"width\":50,\"height\":50,\"caption\":\"GARTER\"},\"image\":{\"@id\":\"https:\/\/www.garter.cz\/#\/schema\/logo\/image\/\"},\"sameAs\":[\"https:\/\/www.facebook.com\/Garter-180263639189596\/\"]}]}<\/script>\n<!-- \/ Yoast SEO plugin. -->","yoast_head_json":{"title":"Okna, dve\u0159e | GARTER","robots":{"index":"index","follow":"follow","max-snippet":"max-snippet:-1","max-image-preview":"max-image-preview:large","max-video-preview":"max-video-preview:-1"},"canonical":"https:\/\/www.garter.cz\/index.php\/okna-dvere\/","og_locale":"cs_CZ","og_type":"article","og_title":"Okna, dve\u0159e | GARTER","og_description":"Plastov\u00e1 okna Plastov\u00e1 okna ze \u0161pi\u010dkov\u00fdch n\u011bmeck\u00fdch plastov\u00fdch profil\u016f REHAU GENEO jsou velmi obl\u00edben\u00e1 pro\u00a0jejich snadnou \u00fadr\u017ebu, dlouhou \u017eivotnost, funk\u010dnost, tepeln\u011b izola\u010dn\u00ed a\u00a0konstruk\u010dn\u00ed vlastnosti. Dal\u0161\u00ed p\u0159ednost\u00ed plastov\u00fdch oken je\u00a0snadn\u00e1 opravitelnost, variabilita nebo\u00a0dostupn\u00fd profesion\u00e1ln\u00ed servis. Plastov\u00e1 okna vyr\u00e1b\u00edme v\u00a0modern\u00edm designu, vybrat si m\u016f\u017eete z\u00a0mnoha barev a\u00a0dekor\u016f, probl\u00e9m nejsou ani\u00a0nadstandardn\u00ed rozm\u011bry. D\u00edky tomu se na\u0161e okna hod\u00ed&hellip;","og_url":"https:\/\/www.garter.cz\/index.php\/okna-dvere\/","og_site_name":"GARTER","article_publisher":"https:\/\/www.facebook.com\/Garter-180263639189596\/","article_modified_time":"2017-10-21T13:31:33+00:00","og_image":[{"url":"http:\/\/www.garter.cz\/wp-content\/uploads\/2017\/10\/sulko-profi-line-section-300x300.png"}],"twitter_card":"summary_large_image","twitter_misc":{"Odhadovan\u00e1 doba \u010dten\u00ed":"4 minuty"},"schema":{"@context":"https:\/\/schema.org","@graph":[{"@type":"WebPage","@id":"https:\/\/www.garter.cz\/index.php\/okna-dvere\/","url":"https:\/\/www.garter.cz\/index.php\/okna-dvere\/","name":"Okna, dve\u0159e | GARTER","isPartOf":{"@id":"https:\/\/www.garter.cz\/#website"},"datePublished":"2017-10-21T13:31:09+00:00","dateModified":"2017-10-21T13:31:33+00:00","breadcrumb":{"@id":"https:\/\/www.garter.cz\/index.php\/okna-dvere\/#breadcrumb"},"inLanguage":"cs","potentialAction":[{"@type":"ReadAction","target":["https:\/\/www.garter.cz\/index.php\/okna-dvere\/"]}]},{"@type":"BreadcrumbList","@id":"https:\/\/www.garter.cz\/index.php\/okna-dvere\/#breadcrumb","itemListElement":[{"@type":"ListItem","position":1,"name":"Dom\u016f","item":"https:\/\/www.garter.cz\/"},{"@type":"ListItem","position":2,"name":"Okna, dve\u0159e"}]},{"@type":"WebSite","@id":"https:\/\/www.garter.cz\/#website","url":"https:\/\/www.garter.cz\/","name":"GARTER","description":"Profesion\u00e1ln\u00ed st\u00edn\u00edc\u00ed technika","publisher":{"@id":"https:\/\/www.garter.cz\/#organization"},"potentialAction":[{"@type":"SearchAction","target":{"@type":"EntryPoint","urlTemplate":"https:\/\/www.garter.cz\/?s={search_term_string}"},"query-input":"required name=search_term_string"}],"inLanguage":"cs"},{"@type":"Organization","@id":"https:\/\/www.garter.cz\/#organization","name":"GARTER","url":"https:\/\/www.garter.cz\/","logo":{"@type":"ImageObject","inLanguage":"cs","@id":"https:\/\/www.garter.cz\/#\/schema\/logo\/image\/","url":"https:\/\/www.garter.cz\/wp-content\/uploads\/2017\/10\/logo-pr\u016fhledn\u00e9-e1508868751734.png","contentUrl":"https:\/\/www.garter.cz\/wp-content\/uploads\/2017\/10\/logo-pr\u016fhledn\u00e9-e1508868751734.png","width":50,"height":50,"caption":"GARTER"},"image":{"@id":"https:\/\/www.garter.cz\/#\/schema\/logo\/image\/"},"sameAs":["https:\/\/www.facebook.com\/Garter-180263639189596\/"]}]}},"_links":{"self":[{"href":"https:\/\/www.garter.cz\/index.php\/wp-json\/wp\/v2\/pages\/127"}],"collection":[{"href":"https:\/\/www.garter.cz\/index.php\/wp-json\/wp\/v2\/pages"}],"about":[{"href":"https:\/\/www.garter.cz\/index.php\/wp-json\/wp\/v2\/types\/page"}],"author":[{"embeddable":true,"href":"https:\/\/www.garter.cz\/index.php\/wp-json\/wp\/v2\/users\/1"}],"replies":[{"embeddable":true,"href":"https:\/\/www.garter.cz\/index.php\/wp-json\/wp\/v2\/comments?post=127"}],"version-history":[{"count":1,"href":"https:\/\/www.garter.cz\/index.php\/wp-json\/wp\/v2\/pages\/127\/revisions"}],"predecessor-version":[{"id":133,"href":"https:\/\/www.garter.cz\/index.php\/wp-json\/wp\/v2\/pages\/127\/revisions\/133"}],"wp:attachment":[{"href":"https:\/\/www.garter.cz\/index.php\/wp-json\/wp\/v2\/media?parent=127"}],"curies":[{"name":"wp","href":"https:\/\/api.w.org\/{rel}","templated":true}]}}