{"id":463,"date":"2019-01-19T17:34:06","date_gmt":"2019-01-19T17:34:06","guid":{"rendered":"http:\/\/www.garter.cz\/?page_id=463"},"modified":"2019-05-06T16:38:51","modified_gmt":"2019-05-06T16:38:51","slug":"interierove-rolety","status":"publish","type":"page","link":"https:\/\/www.garter.cz\/index.php\/interierove-rolety\/","title":{"rendered":"Interierov\u00e9 rolety"},"content":{"rendered":"<h2><img fetchpriority=\"high\" decoding=\"async\" class=\"size-medium wp-image-464 alignright\" src=\"http:\/\/www.garter.cz\/wp-content\/uploads\/2019\/01\/01-1-197x300.jpg\" alt=\"\" width=\"197\" height=\"300\" srcset=\"https:\/\/www.garter.cz\/wp-content\/uploads\/2019\/01\/01-1-197x300.jpg 197w, https:\/\/www.garter.cz\/wp-content\/uploads\/2019\/01\/01-1.jpg 250w\" sizes=\"(max-width: 197px) 100vw, 197px\" \/><\/h2>\n<p>Rolety u\u017e d\u00e1vno nejsou jen praktick\u00fdm zast\u00edn\u011bn\u00edm. Popus\u0165te uzdu sv\u00e9 fantazii, je tu Verra! Interi\u00e9rov\u00e1 roleta Verra v plastov\u00e9m \u010di kovov\u00e9m proveden\u00ed v\u00e1m nab\u00edz\u00ed \u0161irokou \u0161k\u00e1lu barevn\u00fdch odst\u00edn\u016f a vzor\u016f &#8211; ozdobte sv\u00e1 okna pestr\u00fdmi motivy, vyla\u010fte interi\u00e9r do sv\u00e9 obl\u00edben\u00e9 barvy, hrajte si se sv\u011btlem pronikaj\u00edc\u00edm polopr\u016fsvitn\u00fdmi l\u00e1tkami, anebo sv\u00e1 okna zahalte pln\u00fdm zatemn\u011bn\u00edm. D\u00edky kvalitn\u00edmu proveden\u00ed a pestr\u00e9mu v\u00fdb\u011bru l\u00e1tek dod\u00e1 roleta va\u0161emu interi\u00e9ru osobit\u00e9 kouzlo.<\/p>\n<p>Dod\u00e1v\u00e1me tak\u00e9 speci\u00e1ln\u00ed l\u00e1tky s obsahem skeln\u00e9ho vl\u00e1kna, vhodn\u00e9 zejm\u00e9na pro alergiky, a typy l\u00e1tek se speci\u00e1ln\u00ed neho\u0159lavou \u00fapravou. Snadn\u00e1 manipulace a n\u00e1padit\u00fd design &#8211; Verra je ide\u00e1ln\u00ed roleta na plastov\u00e1 okna, eurookna i dal\u0161\u00ed typy oken.<\/p>\n<p>Nab\u00edz\u00edme tak\u00e9 roletky s l\u00e1tkou DEN\/NOC kter\u00e1 je vhodn\u00e1 do jak\u00e9koliv m\u00edstnosti. Proveden\u00ed DEN\/NOC spo\u010d\u00edv\u00e1 v d\u011blen\u00ed l\u00e1tky na pr\u016fhledn\u00e9 a nepr\u016fhledn\u00e9 pruhy. Vz\u00e1jemn\u00fdm p\u0159ekr\u00fdv\u00e1n\u00edm dvou vrstev l\u00e1tky doch\u00e1z\u00ed k prol\u00edn\u00e1n\u00ed pruh\u016f a d\u00edky tomu m\u016f\u017eete plynule regulovat intenzitu sv\u011btla v m\u00edstnosti. Nab\u00edz\u00edme speci\u00e1ln\u00ed l\u00e1tky bez vzoru, kter\u00fdm by ru\u0161ily originalitu p\u00e1skov\u00e9ho proveden\u00ed rolety. Roleta je dod\u00e1v\u00e1na s pevn\u00fdm b\u00edl\u00fdm nosn\u00fdm profilem pro snadnou mont\u00e1\u017e. L\u00e1tkov\u00e1 roleta dod\u00e1 Va\u0161emu interi\u00e9ru nov\u00fd modern\u00ed styl. L\u00e1tkov\u00e1 roleta je vhodn\u00e1 pro mont\u00e1\u017e p\u0159ed plastov\u00e1 okna, eurookna i v\u0161echny dal\u0161\u00ed typy oken.<\/p>\n<h2>P\u0159ednosti a v\u00fdhody rolet Verra<\/h2>\n<p>je<img decoding=\"async\" class=\"size-medium wp-image-469 alignleft\" src=\"http:\/\/www.garter.cz\/wp-content\/uploads\/2019\/01\/50343432_389465184936106_3828271992088297472_o-300x225.jpg\" alt=\"\" width=\"300\" height=\"225\" srcset=\"https:\/\/www.garter.cz\/wp-content\/uploads\/2019\/01\/50343432_389465184936106_3828271992088297472_o-300x225.jpg 300w, https:\/\/www.garter.cz\/wp-content\/uploads\/2019\/01\/50343432_389465184936106_3828271992088297472_o-768x576.jpg 768w, https:\/\/www.garter.cz\/wp-content\/uploads\/2019\/01\/50343432_389465184936106_3828271992088297472_o-1024x768.jpg 1024w, https:\/\/www.garter.cz\/wp-content\/uploads\/2019\/01\/50343432_389465184936106_3828271992088297472_o-600x450.jpg 600w, https:\/\/www.garter.cz\/wp-content\/uploads\/2019\/01\/50343432_389465184936106_3828271992088297472_o.jpg 1067w\" sizes=\"(max-width: 300px) 100vw, 300px\" \/>dnoduch\u00fd design,<br \/>\nvarianta proveden\u00ed: plast \/ kov (roleta Verra metal),<br \/>\n\u0161irok\u00e1 \u0161k\u00e1la barevn\u00fdch odst\u00edn\u016f l\u00e1tek,<br \/>\nsnadn\u00e1 manipulace a mont\u00e1\u017e,<br \/>\nmo\u017enost elektrick\u00e9ho ovl\u00e1d\u00e1n\u00ed,<\/p>\n<p>garantovan\u00e1 plocha a\u017e 5 m2,<br \/>\nvhodn\u00e1 jako roleta na plastov\u00e1 okna (i jin\u00e9 typy oken).<\/p>\n","protected":false},"excerpt":{"rendered":"<p>Rolety u\u017e d\u00e1vno nejsou jen praktick\u00fdm zast\u00edn\u011bn\u00edm. Popus\u0165te uzdu sv\u00e9 fantazii, je tu Verra! Interi\u00e9rov\u00e1 roleta Verra v plastov\u00e9m \u010di kovov\u00e9m proveden\u00ed v\u00e1m nab\u00edz\u00ed \u0161irokou \u0161k\u00e1lu barevn\u00fdch odst\u00edn\u016f a vzor\u016f &#8211; ozdobte sv\u00e1 okna pestr\u00fdmi motivy, vyla\u010fte interi\u00e9r do sv\u00e9 obl\u00edben\u00e9 barvy, hrajte si se sv\u011btlem pronikaj\u00edc\u00edm polopr\u016fsvitn\u00fdmi l\u00e1tkami, anebo sv\u00e1 okna zahalte pln\u00fdm zatemn\u011bn\u00edm.&hellip;<\/p>\n","protected":false},"author":1,"featured_media":0,"parent":0,"menu_order":0,"comment_status":"closed","ping_status":"closed","template":"template_parts\/page-fullwidth_template.php","meta":[],"yoast_head":"<!-- This site is optimized with the Yoast SEO plugin v19.12 - https:\/\/yoast.com\/wordpress\/plugins\/seo\/ -->\n<title>Interierov\u00e9 rolety | GARTER<\/title>\n<meta name=\"robots\" content=\"index, follow, max-snippet:-1, max-image-preview:large, max-video-preview:-1\" \/>\n<link rel=\"canonical\" href=\"https:\/\/www.garter.cz\/index.php\/interierove-rolety\/\" \/>\n<meta property=\"og:locale\" content=\"cs_CZ\" \/>\n<meta property=\"og:type\" content=\"article\" \/>\n<meta property=\"og:title\" content=\"Interierov\u00e9 rolety | GARTER\" \/>\n<meta property=\"og:description\" content=\"Rolety u\u017e d\u00e1vno nejsou jen praktick\u00fdm zast\u00edn\u011bn\u00edm. Popus\u0165te uzdu sv\u00e9 fantazii, je tu Verra! Interi\u00e9rov\u00e1 roleta Verra v plastov\u00e9m \u010di kovov\u00e9m proveden\u00ed v\u00e1m nab\u00edz\u00ed \u0161irokou \u0161k\u00e1lu barevn\u00fdch odst\u00edn\u016f a vzor\u016f &#8211; ozdobte sv\u00e1 okna pestr\u00fdmi motivy, vyla\u010fte interi\u00e9r do sv\u00e9 obl\u00edben\u00e9 barvy, hrajte si se sv\u011btlem pronikaj\u00edc\u00edm polopr\u016fsvitn\u00fdmi l\u00e1tkami, anebo sv\u00e1 okna zahalte pln\u00fdm zatemn\u011bn\u00edm.&hellip;\" \/>\n<meta property=\"og:url\" content=\"https:\/\/www.garter.cz\/index.php\/interierove-rolety\/\" \/>\n<meta property=\"og:site_name\" content=\"GARTER\" \/>\n<meta property=\"article:publisher\" content=\"https:\/\/www.facebook.com\/Garter-180263639189596\/\" \/>\n<meta property=\"article:modified_time\" content=\"2019-05-06T16:38:51+00:00\" \/>\n<meta property=\"og:image\" content=\"http:\/\/www.garter.cz\/wp-content\/uploads\/2019\/01\/01-1-197x300.jpg\" \/>\n<meta name=\"twitter:card\" content=\"summary_large_image\" \/>\n<meta name=\"twitter:label1\" content=\"Odhadovan\u00e1 doba \u010dten\u00ed\" \/>\n\t<meta name=\"twitter:data1\" content=\"2 minuty\" \/>\n<script type=\"application\/ld+json\" class=\"yoast-schema-graph\">{\"@context\":\"https:\/\/schema.org\",\"@graph\":[{\"@type\":\"WebPage\",\"@id\":\"https:\/\/www.garter.cz\/index.php\/interierove-rolety\/\",\"url\":\"https:\/\/www.garter.cz\/index.php\/interierove-rolety\/\",\"name\":\"Interierov\u00e9 rolety | GARTER\",\"isPartOf\":{\"@id\":\"https:\/\/www.garter.cz\/#website\"},\"datePublished\":\"2019-01-19T17:34:06+00:00\",\"dateModified\":\"2019-05-06T16:38:51+00:00\",\"breadcrumb\":{\"@id\":\"https:\/\/www.garter.cz\/index.php\/interierove-rolety\/#breadcrumb\"},\"inLanguage\":\"cs\",\"potentialAction\":[{\"@type\":\"ReadAction\",\"target\":[\"https:\/\/www.garter.cz\/index.php\/interierove-rolety\/\"]}]},{\"@type\":\"BreadcrumbList\",\"@id\":\"https:\/\/www.garter.cz\/index.php\/interierove-rolety\/#breadcrumb\",\"itemListElement\":[{\"@type\":\"ListItem\",\"position\":1,\"name\":\"Dom\u016f\",\"item\":\"https:\/\/www.garter.cz\/\"},{\"@type\":\"ListItem\",\"position\":2,\"name\":\"Interierov\u00e9 rolety\"}]},{\"@type\":\"WebSite\",\"@id\":\"https:\/\/www.garter.cz\/#website\",\"url\":\"https:\/\/www.garter.cz\/\",\"name\":\"GARTER\",\"description\":\"Profesion\u00e1ln\u00ed st\u00edn\u00edc\u00ed technika\",\"publisher\":{\"@id\":\"https:\/\/www.garter.cz\/#organization\"},\"potentialAction\":[{\"@type\":\"SearchAction\",\"target\":{\"@type\":\"EntryPoint\",\"urlTemplate\":\"https:\/\/www.garter.cz\/?s={search_term_string}\"},\"query-input\":\"required name=search_term_string\"}],\"inLanguage\":\"cs\"},{\"@type\":\"Organization\",\"@id\":\"https:\/\/www.garter.cz\/#organization\",\"name\":\"GARTER\",\"url\":\"https:\/\/www.garter.cz\/\",\"logo\":{\"@type\":\"ImageObject\",\"inLanguage\":\"cs\",\"@id\":\"https:\/\/www.garter.cz\/#\/schema\/logo\/image\/\",\"url\":\"https:\/\/www.garter.cz\/wp-content\/uploads\/2017\/10\/logo-pr\u016fhledn\u00e9-e1508868751734.png\",\"contentUrl\":\"https:\/\/www.garter.cz\/wp-content\/uploads\/2017\/10\/logo-pr\u016fhledn\u00e9-e1508868751734.png\",\"width\":50,\"height\":50,\"caption\":\"GARTER\"},\"image\":{\"@id\":\"https:\/\/www.garter.cz\/#\/schema\/logo\/image\/\"},\"sameAs\":[\"https:\/\/www.facebook.com\/Garter-180263639189596\/\"]}]}<\/script>\n<!-- \/ Yoast SEO plugin. -->","yoast_head_json":{"title":"Interierov\u00e9 rolety | GARTER","robots":{"index":"index","follow":"follow","max-snippet":"max-snippet:-1","max-image-preview":"max-image-preview:large","max-video-preview":"max-video-preview:-1"},"canonical":"https:\/\/www.garter.cz\/index.php\/interierove-rolety\/","og_locale":"cs_CZ","og_type":"article","og_title":"Interierov\u00e9 rolety | GARTER","og_description":"Rolety u\u017e d\u00e1vno nejsou jen praktick\u00fdm zast\u00edn\u011bn\u00edm. Popus\u0165te uzdu sv\u00e9 fantazii, je tu Verra! Interi\u00e9rov\u00e1 roleta Verra v plastov\u00e9m \u010di kovov\u00e9m proveden\u00ed v\u00e1m nab\u00edz\u00ed \u0161irokou \u0161k\u00e1lu barevn\u00fdch odst\u00edn\u016f a vzor\u016f &#8211; ozdobte sv\u00e1 okna pestr\u00fdmi motivy, vyla\u010fte interi\u00e9r do sv\u00e9 obl\u00edben\u00e9 barvy, hrajte si se sv\u011btlem pronikaj\u00edc\u00edm polopr\u016fsvitn\u00fdmi l\u00e1tkami, anebo sv\u00e1 okna zahalte pln\u00fdm zatemn\u011bn\u00edm.&hellip;","og_url":"https:\/\/www.garter.cz\/index.php\/interierove-rolety\/","og_site_name":"GARTER","article_publisher":"https:\/\/www.facebook.com\/Garter-180263639189596\/","article_modified_time":"2019-05-06T16:38:51+00:00","og_image":[{"url":"http:\/\/www.garter.cz\/wp-content\/uploads\/2019\/01\/01-1-197x300.jpg"}],"twitter_card":"summary_large_image","twitter_misc":{"Odhadovan\u00e1 doba \u010dten\u00ed":"2 minuty"},"schema":{"@context":"https:\/\/schema.org","@graph":[{"@type":"WebPage","@id":"https:\/\/www.garter.cz\/index.php\/interierove-rolety\/","url":"https:\/\/www.garter.cz\/index.php\/interierove-rolety\/","name":"Interierov\u00e9 rolety | GARTER","isPartOf":{"@id":"https:\/\/www.garter.cz\/#website"},"datePublished":"2019-01-19T17:34:06+00:00","dateModified":"2019-05-06T16:38:51+00:00","breadcrumb":{"@id":"https:\/\/www.garter.cz\/index.php\/interierove-rolety\/#breadcrumb"},"inLanguage":"cs","potentialAction":[{"@type":"ReadAction","target":["https:\/\/www.garter.cz\/index.php\/interierove-rolety\/"]}]},{"@type":"BreadcrumbList","@id":"https:\/\/www.garter.cz\/index.php\/interierove-rolety\/#breadcrumb","itemListElement":[{"@type":"ListItem","position":1,"name":"Dom\u016f","item":"https:\/\/www.garter.cz\/"},{"@type":"ListItem","position":2,"name":"Interierov\u00e9 rolety"}]},{"@type":"WebSite","@id":"https:\/\/www.garter.cz\/#website","url":"https:\/\/www.garter.cz\/","name":"GARTER","description":"Profesion\u00e1ln\u00ed st\u00edn\u00edc\u00ed technika","publisher":{"@id":"https:\/\/www.garter.cz\/#organization"},"potentialAction":[{"@type":"SearchAction","target":{"@type":"EntryPoint","urlTemplate":"https:\/\/www.garter.cz\/?s={search_term_string}"},"query-input":"required name=search_term_string"}],"inLanguage":"cs"},{"@type":"Organization","@id":"https:\/\/www.garter.cz\/#organization","name":"GARTER","url":"https:\/\/www.garter.cz\/","logo":{"@type":"ImageObject","inLanguage":"cs","@id":"https:\/\/www.garter.cz\/#\/schema\/logo\/image\/","url":"https:\/\/www.garter.cz\/wp-content\/uploads\/2017\/10\/logo-pr\u016fhledn\u00e9-e1508868751734.png","contentUrl":"https:\/\/www.garter.cz\/wp-content\/uploads\/2017\/10\/logo-pr\u016fhledn\u00e9-e1508868751734.png","width":50,"height":50,"caption":"GARTER"},"image":{"@id":"https:\/\/www.garter.cz\/#\/schema\/logo\/image\/"},"sameAs":["https:\/\/www.facebook.com\/Garter-180263639189596\/"]}]}},"_links":{"self":[{"href":"https:\/\/www.garter.cz\/index.php\/wp-json\/wp\/v2\/pages\/463"}],"collection":[{"href":"https:\/\/www.garter.cz\/index.php\/wp-json\/wp\/v2\/pages"}],"about":[{"href":"https:\/\/www.garter.cz\/index.php\/wp-json\/wp\/v2\/types\/page"}],"author":[{"embeddable":true,"href":"https:\/\/www.garter.cz\/index.php\/wp-json\/wp\/v2\/users\/1"}],"replies":[{"embeddable":true,"href":"https:\/\/www.garter.cz\/index.php\/wp-json\/wp\/v2\/comments?post=463"}],"version-history":[{"count":6,"href":"https:\/\/www.garter.cz\/index.php\/wp-json\/wp\/v2\/pages\/463\/revisions"}],"predecessor-version":[{"id":503,"href":"https:\/\/www.garter.cz\/index.php\/wp-json\/wp\/v2\/pages\/463\/revisions\/503"}],"wp:attachment":[{"href":"https:\/\/www.garter.cz\/index.php\/wp-json\/wp\/v2\/media?parent=463"}],"curies":[{"name":"wp","href":"https:\/\/api.w.org\/{rel}","templated":true}]}}