{"id":541,"date":"2019-07-02T19:00:57","date_gmt":"2019-07-02T19:00:57","guid":{"rendered":"http:\/\/www.garter.cz\/?page_id=541"},"modified":"2022-03-18T09:26:09","modified_gmt":"2022-03-18T09:26:09","slug":"homepage","status":"publish","type":"page","link":"https:\/\/www.garter.cz\/","title":{"rendered":"Homepage"},"content":{"rendered":"\t\t<div data-elementor-type=\"wp-post\" data-elementor-id=\"541\" class=\"elementor elementor-541\">\n\t\t\t\t\t\t<section class=\"elementor-section elementor-top-section elementor-element elementor-element-145886d elementor-section-boxed elementor-section-height-default elementor-section-height-default\" data-id=\"145886d\" data-element_type=\"section\">\n\t\t\t\t\t\t<div class=\"elementor-container elementor-column-gap-default\">\n\t\t\t\t\t<div class=\"elementor-column elementor-col-100 elementor-top-column elementor-element elementor-element-0f3b764\" data-id=\"0f3b764\" data-element_type=\"column\">\n\t\t\t<div class=\"elementor-widget-wrap elementor-element-populated\">\n\t\t\t\t\t\t<section class=\"elementor-section elementor-inner-section elementor-element elementor-element-b07731d elementor-section-full_width elementor-section-height-default elementor-section-height-default\" data-id=\"b07731d\" data-element_type=\"section\">\n\t\t\t\t\t\t<div class=\"elementor-container elementor-column-gap-default\">\n\t\t\t\t\t<div class=\"elementor-column elementor-col-66 elementor-inner-column elementor-element elementor-element-9609822\" data-id=\"9609822\" data-element_type=\"column\">\n\t\t\t<div class=\"elementor-widget-wrap elementor-element-populated\">\n\t\t\t\t\t\t<div class=\"elementor-element elementor-element-499b7a1 elementor-position-right elementor-vertical-align-middle elementor-widget elementor-widget-image-box\" data-id=\"499b7a1\" data-element_type=\"widget\" data-widget_type=\"image-box.default\">\n\t\t\t\t<div class=\"elementor-widget-container\">\n\t\t\t<div class=\"elementor-image-box-wrapper\"><figure class=\"elementor-image-box-img\"><a href=\"http:\/\/www.garter.cz\/index.php\/rolety\/\" tabindex=\"-1\"><img fetchpriority=\"high\" decoding=\"async\" width=\"400\" height=\"250\" src=\"https:\/\/www.garter.cz\/wp-content\/uploads\/2019\/07\/b-venkovni-rolety.jpg\" class=\"elementor-animation-shrink attachment-full size-full wp-image-556\" alt=\"\" srcset=\"https:\/\/www.garter.cz\/wp-content\/uploads\/2019\/07\/b-venkovni-rolety.jpg 400w, https:\/\/www.garter.cz\/wp-content\/uploads\/2019\/07\/b-venkovni-rolety-300x188.jpg 300w, https:\/\/www.garter.cz\/wp-content\/uploads\/2019\/07\/b-venkovni-rolety-24x15.jpg 24w, https:\/\/www.garter.cz\/wp-content\/uploads\/2019\/07\/b-venkovni-rolety-36x23.jpg 36w, https:\/\/www.garter.cz\/wp-content\/uploads\/2019\/07\/b-venkovni-rolety-48x30.jpg 48w\" sizes=\"(max-width: 400px) 100vw, 400px\" \/><\/a><\/figure><div class=\"elementor-image-box-content\"><h3 class=\"elementor-image-box-title\"><a href=\"http:\/\/www.garter.cz\/index.php\/rolety\/\">Venkovn\u00ed rolety<\/a><\/h3><p class=\"elementor-image-box-description\">Na\u0161e hlin\u00edkov\u00e9 rolety na m\u00edru jsou ide\u00e1ln\u00edm \u0159e\u0161en\u00edm pro v\u00e1\u0161 projekt modernizace nebo novostavby. D\u00edky hlin\u00edkov\u00e9 lamele pln\u011bn\u00e9 izola\u010dn\u00ed p\u011bnou zvy\u0161uj\u00ed tepeln\u00e9 i protihlukov\u00e9 vlastnosti budov.\n<\/p><\/div><\/div>\t\t<\/div>\n\t\t\t\t<\/div>\n\t\t\t\t\t<\/div>\n\t\t<\/div>\n\t\t\t\t<div class=\"elementor-column elementor-col-33 elementor-inner-column elementor-element elementor-element-f3cdadf\" data-id=\"f3cdadf\" data-element_type=\"column\">\n\t\t\t<div class=\"elementor-widget-wrap elementor-element-populated\">\n\t\t\t\t\t\t<div class=\"elementor-element elementor-element-be702fe elementor-position-top elementor-widget elementor-widget-image-box\" data-id=\"be702fe\" data-element_type=\"widget\" data-widget_type=\"image-box.default\">\n\t\t\t\t<div class=\"elementor-widget-container\">\n\t\t\t<div class=\"elementor-image-box-wrapper\"><figure class=\"elementor-image-box-img\"><a href=\"http:\/\/www.garter.cz\/index.php\/zaluzie\/\" tabindex=\"-1\"><img decoding=\"async\" width=\"400\" height=\"250\" src=\"https:\/\/www.garter.cz\/wp-content\/uploads\/2019\/07\/b-venkovni-zaluzie.jpg\" class=\"elementor-animation-shrink attachment-full size-full wp-image-557\" alt=\"\" srcset=\"https:\/\/www.garter.cz\/wp-content\/uploads\/2019\/07\/b-venkovni-zaluzie.jpg 400w, https:\/\/www.garter.cz\/wp-content\/uploads\/2019\/07\/b-venkovni-zaluzie-300x188.jpg 300w, https:\/\/www.garter.cz\/wp-content\/uploads\/2019\/07\/b-venkovni-zaluzie-24x15.jpg 24w, https:\/\/www.garter.cz\/wp-content\/uploads\/2019\/07\/b-venkovni-zaluzie-36x23.jpg 36w, https:\/\/www.garter.cz\/wp-content\/uploads\/2019\/07\/b-venkovni-zaluzie-48x30.jpg 48w\" sizes=\"(max-width: 400px) 100vw, 400px\" \/><\/a><\/figure><div class=\"elementor-image-box-content\"><h3 class=\"elementor-image-box-title\"><a href=\"http:\/\/www.garter.cz\/index.php\/zaluzie\/\">Venkovn\u00ed \u017ealuzie<\/a><\/h3><p class=\"elementor-image-box-description\">Venkovn\u00ed \u017ealuzie jsou nejpou\u017e\u00edvan\u011bj\u0161\u00edm exteri\u00e9rov\u00fdm st\u00edn\u00edc\u00edm prvkem. Umo\u017e\u0148uj\u00ed plynule regulovat p\u0159irozen\u00e9 osv\u011btlen\u00ed, zachycuj\u00ed p\u0159\u00edm\u00e9 slune\u010dn\u00ed z\u00e1\u0159en\u00ed a chr\u00e1n\u00ed va\u0161e soukrom\u00ed.<\/p><\/div><\/div>\t\t<\/div>\n\t\t\t\t<\/div>\n\t\t\t\t\t<\/div>\n\t\t<\/div>\n\t\t\t\t\t<\/div>\n\t\t<\/section>\n\t\t\t\t<section class=\"elementor-section elementor-inner-section elementor-element elementor-element-4c6678a elementor-section-boxed elementor-section-height-default elementor-section-height-default\" data-id=\"4c6678a\" data-element_type=\"section\">\n\t\t\t\t\t\t<div class=\"elementor-container elementor-column-gap-default\">\n\t\t\t\t\t<div class=\"elementor-column elementor-col-33 elementor-inner-column elementor-element elementor-element-3e979aa\" data-id=\"3e979aa\" data-element_type=\"column\">\n\t\t\t<div class=\"elementor-widget-wrap elementor-element-populated\">\n\t\t\t\t\t\t<div class=\"elementor-element elementor-element-674db1d elementor-position-top elementor-widget elementor-widget-image-box\" data-id=\"674db1d\" data-element_type=\"widget\" data-widget_type=\"image-box.default\">\n\t\t\t\t<div class=\"elementor-widget-container\">\n\t\t\t<div class=\"elementor-image-box-wrapper\"><figure class=\"elementor-image-box-img\"><img decoding=\"async\" width=\"400\" height=\"250\" src=\"https:\/\/www.garter.cz\/wp-content\/uploads\/2019\/07\/b-vnitrni-zaluzie-2.jpg\" class=\"elementor-animation-shrink attachment-full size-full wp-image-560\" alt=\"\" srcset=\"https:\/\/www.garter.cz\/wp-content\/uploads\/2019\/07\/b-vnitrni-zaluzie-2.jpg 400w, https:\/\/www.garter.cz\/wp-content\/uploads\/2019\/07\/b-vnitrni-zaluzie-2-300x188.jpg 300w, https:\/\/www.garter.cz\/wp-content\/uploads\/2019\/07\/b-vnitrni-zaluzie-2-24x15.jpg 24w, https:\/\/www.garter.cz\/wp-content\/uploads\/2019\/07\/b-vnitrni-zaluzie-2-36x23.jpg 36w, https:\/\/www.garter.cz\/wp-content\/uploads\/2019\/07\/b-vnitrni-zaluzie-2-48x30.jpg 48w\" sizes=\"(max-width: 400px) 100vw, 400px\" \/><\/figure><div class=\"elementor-image-box-content\"><h3 class=\"elementor-image-box-title\">Horizont\u00e1ln\u00ed \u017ealuzie<\/h3><p class=\"elementor-image-box-description\">Horizont\u00e1ln\u00ed \u017ealuzie ochra\u0148uj\u00ed nejen proti slune\u010dn\u00edm paprsk\u016fm, reguluj\u00ed sv\u011btlo v m\u00edstnosti, ale chr\u00e1n\u00ed i va\u0161e soukrom\u00ed. V\u00fdhodou je p\u0159edev\u0161\u00edm jejich jednoduchost, rychlost mont\u00e1\u017ee, minim\u00e1ln\u00ed \u00fadr\u017eba a p\u0159edev\u0161\u00edm cenov\u00e1 dostupnost.<\/p><\/div><\/div>\t\t<\/div>\n\t\t\t\t<\/div>\n\t\t\t\t\t<\/div>\n\t\t<\/div>\n\t\t\t\t<div class=\"elementor-column elementor-col-66 elementor-inner-column elementor-element elementor-element-20ba9c0\" data-id=\"20ba9c0\" data-element_type=\"column\">\n\t\t\t<div class=\"elementor-widget-wrap elementor-element-populated\">\n\t\t\t\t\t\t<div class=\"elementor-element elementor-element-c3324db elementor-position-right elementor-vertical-align-middle elementor-widget elementor-widget-image-box\" data-id=\"c3324db\" data-element_type=\"widget\" data-widget_type=\"image-box.default\">\n\t\t\t\t<div class=\"elementor-widget-container\">\n\t\t\t<div class=\"elementor-image-box-wrapper\"><figure class=\"elementor-image-box-img\"><a href=\"http:\/\/www.garter.cz\/index.php\/interierove-rolety\/\" tabindex=\"-1\"><img loading=\"lazy\" decoding=\"async\" width=\"400\" height=\"250\" src=\"https:\/\/www.garter.cz\/wp-content\/uploads\/2019\/07\/b-latkove-roletky-2.jpg\" class=\"elementor-animation-shrink attachment-full size-full wp-image-550\" alt=\"\" srcset=\"https:\/\/www.garter.cz\/wp-content\/uploads\/2019\/07\/b-latkove-roletky-2.jpg 400w, https:\/\/www.garter.cz\/wp-content\/uploads\/2019\/07\/b-latkove-roletky-2-300x188.jpg 300w, https:\/\/www.garter.cz\/wp-content\/uploads\/2019\/07\/b-latkove-roletky-2-24x15.jpg 24w, https:\/\/www.garter.cz\/wp-content\/uploads\/2019\/07\/b-latkove-roletky-2-36x23.jpg 36w, https:\/\/www.garter.cz\/wp-content\/uploads\/2019\/07\/b-latkove-roletky-2-48x30.jpg 48w\" sizes=\"(max-width: 400px) 100vw, 400px\" \/><\/a><\/figure><div class=\"elementor-image-box-content\"><h3 class=\"elementor-image-box-title\"><a href=\"http:\/\/www.garter.cz\/index.php\/interierove-rolety\/\">Textiln\u00ed roletky<\/a><\/h3><p class=\"elementor-image-box-description\">Textiln\u00ed rolekty d\u00e1vaj\u00ed mo\u017enost dokonal\u00e9ho celkov\u00e9ho st\u00edn\u00edc\u00edho efektu v n\u00e1vaznosti na architektonick\u00e9 \u0159e\u0161en\u00ed interi\u00e9r\u016f a jsou ide\u00e1ln\u00edm dekora\u010dn\u00edm i praktick\u00fdm dopl\u0148kem. Jsou v \u0161irok\u00e9 nab\u00eddkce typ\u016f proveden\u00ed, l\u00e1tek a barev.<\/p><\/div><\/div>\t\t<\/div>\n\t\t\t\t<\/div>\n\t\t\t\t\t<\/div>\n\t\t<\/div>\n\t\t\t\t\t<\/div>\n\t\t<\/section>\n\t\t\t\t<section class=\"elementor-section elementor-inner-section elementor-element elementor-element-12da646 elementor-section-boxed elementor-section-height-default elementor-section-height-default\" data-id=\"12da646\" data-element_type=\"section\">\n\t\t\t\t\t\t<div class=\"elementor-container elementor-column-gap-default\">\n\t\t\t\t\t<div class=\"elementor-column elementor-col-66 elementor-inner-column elementor-element elementor-element-0502283\" data-id=\"0502283\" data-element_type=\"column\">\n\t\t\t<div class=\"elementor-widget-wrap elementor-element-populated\">\n\t\t\t\t\t\t<div class=\"elementor-element elementor-element-b7d44fc elementor-position-left elementor-vertical-align-middle elementor-widget elementor-widget-image-box\" data-id=\"b7d44fc\" data-element_type=\"widget\" data-widget_type=\"image-box.default\">\n\t\t\t\t<div class=\"elementor-widget-container\">\n\t\t\t<div class=\"elementor-image-box-wrapper\"><figure class=\"elementor-image-box-img\"><img loading=\"lazy\" decoding=\"async\" width=\"400\" height=\"250\" src=\"https:\/\/www.garter.cz\/wp-content\/uploads\/2019\/07\/b-den-noc.jpg\" class=\"elementor-animation-shrink attachment-full size-full wp-image-548\" alt=\"\" srcset=\"https:\/\/www.garter.cz\/wp-content\/uploads\/2019\/07\/b-den-noc.jpg 400w, https:\/\/www.garter.cz\/wp-content\/uploads\/2019\/07\/b-den-noc-300x188.jpg 300w, https:\/\/www.garter.cz\/wp-content\/uploads\/2019\/07\/b-den-noc-24x15.jpg 24w, https:\/\/www.garter.cz\/wp-content\/uploads\/2019\/07\/b-den-noc-36x23.jpg 36w, https:\/\/www.garter.cz\/wp-content\/uploads\/2019\/07\/b-den-noc-48x30.jpg 48w\" sizes=\"(max-width: 400px) 100vw, 400px\" \/><\/figure><div class=\"elementor-image-box-content\"><h3 class=\"elementor-image-box-title\">Textiln\u00ed roletky DEN \/ NOC<\/h3><p class=\"elementor-image-box-description\">Z\u00edskejte dva \u00fa\u017easn\u00e9 styly v jedn\u00e9 roletce s DEN\/NOC polohov\u00e1n\u00edm. Bez ohledu na to, zda chcete nechat sv\u011btlo nebo zast\u00ednit, V\u00e1m tyto roletky umo\u017e\u0148uj\u00ed zaj\u00edmav\u00fd design. P\u0159i rolov\u00e1n\u00ed l\u00e1tky se st\u0159\u00eddaj\u00ed r\u016fzn\u00e9 prou\u017eky tkaniny proti sob\u011b. <\/p><\/div><\/div>\t\t<\/div>\n\t\t\t\t<\/div>\n\t\t\t\t\t<\/div>\n\t\t<\/div>\n\t\t\t\t<div class=\"elementor-column elementor-col-33 elementor-inner-column elementor-element elementor-element-c91016e\" data-id=\"c91016e\" data-element_type=\"column\">\n\t\t\t<div class=\"elementor-widget-wrap elementor-element-populated\">\n\t\t\t\t\t\t<div class=\"elementor-element elementor-element-29aadec elementor-position-top elementor-widget elementor-widget-image-box\" data-id=\"29aadec\" data-element_type=\"widget\" data-widget_type=\"image-box.default\">\n\t\t\t\t<div class=\"elementor-widget-container\">\n\t\t\t<div class=\"elementor-image-box-wrapper\"><figure class=\"elementor-image-box-img\"><img loading=\"lazy\" decoding=\"async\" width=\"400\" height=\"250\" src=\"https:\/\/www.garter.cz\/wp-content\/uploads\/2019\/07\/b-vertikalni-zaluzie.jpg\" class=\"elementor-animation-shrink attachment-full size-full wp-image-558\" alt=\"\" srcset=\"https:\/\/www.garter.cz\/wp-content\/uploads\/2019\/07\/b-vertikalni-zaluzie.jpg 400w, https:\/\/www.garter.cz\/wp-content\/uploads\/2019\/07\/b-vertikalni-zaluzie-300x188.jpg 300w, https:\/\/www.garter.cz\/wp-content\/uploads\/2019\/07\/b-vertikalni-zaluzie-24x15.jpg 24w, https:\/\/www.garter.cz\/wp-content\/uploads\/2019\/07\/b-vertikalni-zaluzie-36x23.jpg 36w, https:\/\/www.garter.cz\/wp-content\/uploads\/2019\/07\/b-vertikalni-zaluzie-48x30.jpg 48w\" sizes=\"(max-width: 400px) 100vw, 400px\" \/><\/figure><div class=\"elementor-image-box-content\"><h3 class=\"elementor-image-box-title\">Vertik\u00e1ln\u00ed \u017ealuzie<\/h3><p class=\"elementor-image-box-description\">Na\u0161e vertik\u00e1ln\u00ed \u017ealuzie vyr\u00e1b\u011bn\u00e9 na m\u00edru v \u0161irok\u00e9m v\u00fdb\u011bru barev, vzork\u016f \na textur elegantn\u011b dopln\u00ed v\u00e1\u0161 interi\u00e9r a zcela nahrad\u00ed z\u00e1clony nebo z\u00e1v\u011bsy. L\u00e1tkov\u00e9 lamely jsou antistaticky upraveny proti p\u0159ilnavosti prachu.<\/p><\/div><\/div>\t\t<\/div>\n\t\t\t\t<\/div>\n\t\t\t\t\t<\/div>\n\t\t<\/div>\n\t\t\t\t\t<\/div>\n\t\t<\/section>\n\t\t\t\t<section class=\"elementor-section elementor-inner-section elementor-element elementor-element-2ee5699 elementor-section-boxed elementor-section-height-default elementor-section-height-default\" data-id=\"2ee5699\" data-element_type=\"section\">\n\t\t\t\t\t\t<div class=\"elementor-container elementor-column-gap-default\">\n\t\t\t\t\t<div class=\"elementor-column elementor-col-33 elementor-inner-column elementor-element elementor-element-5b3f1a4\" data-id=\"5b3f1a4\" data-element_type=\"column\">\n\t\t\t<div class=\"elementor-widget-wrap elementor-element-populated\">\n\t\t\t\t\t\t<div class=\"elementor-element elementor-element-c2bb0ce elementor-position-top elementor-widget elementor-widget-image-box\" data-id=\"c2bb0ce\" data-element_type=\"widget\" data-widget_type=\"image-box.default\">\n\t\t\t\t<div class=\"elementor-widget-container\">\n\t\t\t<div class=\"elementor-image-box-wrapper\"><figure class=\"elementor-image-box-img\"><a href=\"http:\/\/www.garter.cz\/index.php\/garazova-vrata\/\" tabindex=\"-1\"><img loading=\"lazy\" decoding=\"async\" width=\"400\" height=\"250\" src=\"https:\/\/www.garter.cz\/wp-content\/uploads\/2019\/07\/rolovaci-garazove-vrata-1-400x250.jpg\" class=\"elementor-animation-shrink attachment-full size-full wp-image-641\" alt=\"\" srcset=\"https:\/\/www.garter.cz\/wp-content\/uploads\/2019\/07\/rolovaci-garazove-vrata-1-400x250.jpg 400w, https:\/\/www.garter.cz\/wp-content\/uploads\/2019\/07\/rolovaci-garazove-vrata-1-400x250-300x188.jpg 300w, https:\/\/www.garter.cz\/wp-content\/uploads\/2019\/07\/rolovaci-garazove-vrata-1-400x250-24x15.jpg 24w, https:\/\/www.garter.cz\/wp-content\/uploads\/2019\/07\/rolovaci-garazove-vrata-1-400x250-36x23.jpg 36w, https:\/\/www.garter.cz\/wp-content\/uploads\/2019\/07\/rolovaci-garazove-vrata-1-400x250-48x30.jpg 48w\" sizes=\"(max-width: 400px) 100vw, 400px\" \/><\/a><\/figure><div class=\"elementor-image-box-content\"><h3 class=\"elementor-image-box-title\"><a href=\"http:\/\/www.garter.cz\/index.php\/garazova-vrata\/\">Rolovac\u00ed gar\u00e1\u017eov\u00e1 vrata<\/a><\/h3><p class=\"elementor-image-box-description\">Rolovac\u00ed vrata jsou vybaven\u00e1 pohonem, jsou zateplen\u00e1, bez\u00fadr\u017ebov\u00e1 a s pohodlnou manipulaci. Rolovac\u00ed vrata s elektrick\u00fdm pohonem ve v\u0161ech proveden\u00edch. <\/p><\/div><\/div>\t\t<\/div>\n\t\t\t\t<\/div>\n\t\t\t\t\t<\/div>\n\t\t<\/div>\n\t\t\t\t<div class=\"elementor-column elementor-col-66 elementor-inner-column elementor-element elementor-element-fbdbdea\" data-id=\"fbdbdea\" data-element_type=\"column\">\n\t\t\t<div class=\"elementor-widget-wrap elementor-element-populated\">\n\t\t\t\t\t\t<div class=\"elementor-element elementor-element-5ff31c4 elementor-position-left elementor-vertical-align-middle elementor-widget elementor-widget-image-box\" data-id=\"5ff31c4\" data-element_type=\"widget\" data-widget_type=\"image-box.default\">\n\t\t\t\t<div class=\"elementor-widget-container\">\n\t\t\t<div class=\"elementor-image-box-wrapper\"><figure class=\"elementor-image-box-img\"><a href=\"http:\/\/www.garter.cz\/index.php\/garazova-vrata\/\" tabindex=\"-1\"><img loading=\"lazy\" decoding=\"async\" width=\"400\" height=\"250\" src=\"https:\/\/www.garter.cz\/wp-content\/uploads\/2019\/07\/b-garazova-vrata.jpg\" class=\"elementor-animation-shrink attachment-full size-full wp-image-549\" alt=\"\" srcset=\"https:\/\/www.garter.cz\/wp-content\/uploads\/2019\/07\/b-garazova-vrata.jpg 400w, https:\/\/www.garter.cz\/wp-content\/uploads\/2019\/07\/b-garazova-vrata-300x188.jpg 300w, https:\/\/www.garter.cz\/wp-content\/uploads\/2019\/07\/b-garazova-vrata-24x15.jpg 24w, https:\/\/www.garter.cz\/wp-content\/uploads\/2019\/07\/b-garazova-vrata-36x23.jpg 36w, https:\/\/www.garter.cz\/wp-content\/uploads\/2019\/07\/b-garazova-vrata-48x30.jpg 48w\" sizes=\"(max-width: 400px) 100vw, 400px\" \/><\/a><\/figure><div class=\"elementor-image-box-content\"><h3 class=\"elementor-image-box-title\"><a href=\"http:\/\/www.garter.cz\/index.php\/garazova-vrata\/\">Sek\u010dn\u00ed gar\u00e1\u017eov\u00e1 vrata<\/a><\/h3><p class=\"elementor-image-box-description\">\u0160irok\u00e1 nab\u00eddka povrchov\u00fdch \u00faprav panel\u016f zaji\u0161\u0165uj\u00ed atraktivn\u00ed vzhled. Sek\u010dn\u00ed vrata vynikaj\u00ed n\u00edzkou hlu\u010dnost\u00ed a prostorovou nen\u00e1ro\u010dnost\u00ed. Maj\u00ed minim\u00e1ln\u00ed n\u00e1roky na \u00fadr\u017ebu sek\u010dn\u00edch panel\u016f.<\/p><\/div><\/div>\t\t<\/div>\n\t\t\t\t<\/div>\n\t\t\t\t\t<\/div>\n\t\t<\/div>\n\t\t\t\t\t<\/div>\n\t\t<\/section>\n\t\t\t\t<section class=\"elementor-section elementor-inner-section elementor-element elementor-element-335aa8a elementor-section-boxed elementor-section-height-default elementor-section-height-default\" data-id=\"335aa8a\" data-element_type=\"section\">\n\t\t\t\t\t\t<div class=\"elementor-container elementor-column-gap-default\">\n\t\t\t\t\t<div class=\"elementor-column elementor-col-66 elementor-inner-column elementor-element elementor-element-fabf9de\" data-id=\"fabf9de\" data-element_type=\"column\">\n\t\t\t<div class=\"elementor-widget-wrap elementor-element-populated\">\n\t\t\t\t\t\t<div class=\"elementor-element elementor-element-363ee12 elementor-position-left elementor-vertical-align-middle elementor-widget elementor-widget-image-box\" data-id=\"363ee12\" data-element_type=\"widget\" data-widget_type=\"image-box.default\">\n\t\t\t\t<div class=\"elementor-widget-container\">\n\t\t\t<div class=\"elementor-image-box-wrapper\"><figure class=\"elementor-image-box-img\"><img loading=\"lazy\" decoding=\"async\" width=\"400\" height=\"250\" src=\"https:\/\/www.garter.cz\/wp-content\/uploads\/2019\/07\/b-markyzy.jpg\" class=\"elementor-animation-shrink attachment-full size-full wp-image-552\" alt=\"\" srcset=\"https:\/\/www.garter.cz\/wp-content\/uploads\/2019\/07\/b-markyzy.jpg 400w, https:\/\/www.garter.cz\/wp-content\/uploads\/2019\/07\/b-markyzy-300x188.jpg 300w, https:\/\/www.garter.cz\/wp-content\/uploads\/2019\/07\/b-markyzy-24x15.jpg 24w, https:\/\/www.garter.cz\/wp-content\/uploads\/2019\/07\/b-markyzy-36x23.jpg 36w, https:\/\/www.garter.cz\/wp-content\/uploads\/2019\/07\/b-markyzy-48x30.jpg 48w\" sizes=\"(max-width: 400px) 100vw, 400px\" \/><\/figure><div class=\"elementor-image-box-content\"><h3 class=\"elementor-image-box-title\">Mark\u00fdzy<\/h3><p class=\"elementor-image-box-description\">Mark\u00fdzy maj\u00ed n\u011bkolik p\u0159ednost\u00ed. P\u0159edev\u0161\u00edm jsou schopny zast\u00ednit v\u011bt\u0161\u00ed plochy teras, balk\u00f3n\u016f \u010di prosklen\u00fdch v\u00fdloh. D\u00e1le dotv\u00e1\u0159\u00ed architektonick\u00fd vzhled objektu a st\u00e1vaj\u00ed se jeho ned\u00edlnou sou\u010d\u00e1st\u00ed.<\/p><\/div><\/div>\t\t<\/div>\n\t\t\t\t<\/div>\n\t\t\t\t\t<\/div>\n\t\t<\/div>\n\t\t\t\t<div class=\"elementor-column elementor-col-33 elementor-inner-column elementor-element elementor-element-1fef90a\" data-id=\"1fef90a\" data-element_type=\"column\">\n\t\t\t<div class=\"elementor-widget-wrap elementor-element-populated\">\n\t\t\t\t\t\t<div class=\"elementor-element elementor-element-4311892 elementor-position-top elementor-widget elementor-widget-image-box\" data-id=\"4311892\" data-element_type=\"widget\" data-widget_type=\"image-box.default\">\n\t\t\t\t<div class=\"elementor-widget-container\">\n\t\t\t<div class=\"elementor-image-box-wrapper\"><figure class=\"elementor-image-box-img\"><img loading=\"lazy\" decoding=\"async\" width=\"400\" height=\"250\" src=\"https:\/\/www.garter.cz\/wp-content\/uploads\/2019\/07\/b-pevne-site.jpg\" class=\"elementor-animation-shrink attachment-full size-full wp-image-553\" alt=\"\" srcset=\"https:\/\/www.garter.cz\/wp-content\/uploads\/2019\/07\/b-pevne-site.jpg 400w, https:\/\/www.garter.cz\/wp-content\/uploads\/2019\/07\/b-pevne-site-300x188.jpg 300w, https:\/\/www.garter.cz\/wp-content\/uploads\/2019\/07\/b-pevne-site-24x15.jpg 24w, https:\/\/www.garter.cz\/wp-content\/uploads\/2019\/07\/b-pevne-site-36x23.jpg 36w, https:\/\/www.garter.cz\/wp-content\/uploads\/2019\/07\/b-pevne-site-48x30.jpg 48w\" sizes=\"(max-width: 400px) 100vw, 400px\" \/><\/figure><div class=\"elementor-image-box-content\"><h3 class=\"elementor-image-box-title\">Pevn\u00e9 s\u00edt\u011b proti hmyzu<\/h3><p class=\"elementor-image-box-description\">Nejjednodu\u0161\u0161\u00ed ochrana proti dot\u011brn\u00e9mu hmyzu. D\u00edky \u0161irok\u00e9 \u0161k\u00e1le s\u00ed\u0165ov\u00fdch profil\u016f nen\u00ed probl\u00e9m osadit s\u00ed\u0165 na jak\u00e9koliv okno nebo dve\u0159e s mo\u017enost\u00ed lakov\u00e1n\u00ed do odst\u00edn\u016f dle vzorn\u00edku RAL.<\/p><\/div><\/div>\t\t<\/div>\n\t\t\t\t<\/div>\n\t\t\t\t\t<\/div>\n\t\t<\/div>\n\t\t\t\t\t<\/div>\n\t\t<\/section>\n\t\t\t\t<section class=\"elementor-section elementor-inner-section elementor-element elementor-element-caa9505 elementor-section-boxed elementor-section-height-default elementor-section-height-default\" data-id=\"caa9505\" data-element_type=\"section\">\n\t\t\t\t\t\t<div class=\"elementor-container elementor-column-gap-default\">\n\t\t\t\t\t<div class=\"elementor-column elementor-col-33 elementor-inner-column elementor-element elementor-element-335b54d\" data-id=\"335b54d\" data-element_type=\"column\">\n\t\t\t<div class=\"elementor-widget-wrap elementor-element-populated\">\n\t\t\t\t\t\t<div class=\"elementor-element elementor-element-f57acdb elementor-position-top elementor-widget elementor-widget-image-box\" data-id=\"f57acdb\" data-element_type=\"widget\" data-widget_type=\"image-box.default\">\n\t\t\t\t<div class=\"elementor-widget-container\">\n\t\t\t<div class=\"elementor-image-box-wrapper\"><figure class=\"elementor-image-box-img\"><img loading=\"lazy\" decoding=\"async\" width=\"400\" height=\"250\" src=\"https:\/\/www.garter.cz\/wp-content\/uploads\/2019\/07\/b-plise-site.jpg\" class=\"elementor-animation-shrink attachment-full size-full wp-image-554\" alt=\"\" srcset=\"https:\/\/www.garter.cz\/wp-content\/uploads\/2019\/07\/b-plise-site.jpg 400w, https:\/\/www.garter.cz\/wp-content\/uploads\/2019\/07\/b-plise-site-300x188.jpg 300w, https:\/\/www.garter.cz\/wp-content\/uploads\/2019\/07\/b-plise-site-24x15.jpg 24w, https:\/\/www.garter.cz\/wp-content\/uploads\/2019\/07\/b-plise-site-36x23.jpg 36w, https:\/\/www.garter.cz\/wp-content\/uploads\/2019\/07\/b-plise-site-48x30.jpg 48w\" sizes=\"(max-width: 400px) 100vw, 400px\" \/><\/figure><div class=\"elementor-image-box-content\"><h3 class=\"elementor-image-box-title\">Plis\u00e9 s\u00edt\u011b proti hmyzu<\/h3><p class=\"elementor-image-box-description\">Ochrana proti hmyzu jako modern\u00ed designov\u00fd prvek. Elegantn\u00ed proveden\u00ed skl\u00e1dan\u00e9 s\u00edt\u011b je velice dekorativn\u00ed. Plis\u00e9 s\u00edt\u011b jsou velmi snadno pou\u017eiteln\u00e9, maj\u00ed lehk\u00e9 otev\u00edr\u00e1n\u00ed a zav\u00edr\u00e1n\u00ed a jsou schopn\u00e9 zastavit kdekoli v libovoln\u00e9 poloze.<\/p><\/div><\/div>\t\t<\/div>\n\t\t\t\t<\/div>\n\t\t\t\t\t<\/div>\n\t\t<\/div>\n\t\t\t\t<div class=\"elementor-column elementor-col-66 elementor-inner-column elementor-element elementor-element-523dad6\" data-id=\"523dad6\" data-element_type=\"column\">\n\t\t\t<div class=\"elementor-widget-wrap elementor-element-populated\">\n\t\t\t\t\t\t<div class=\"elementor-element elementor-element-47d0cab elementor-position-right elementor-vertical-align-middle elementor-widget elementor-widget-image-box\" data-id=\"47d0cab\" data-element_type=\"widget\" data-widget_type=\"image-box.default\">\n\t\t\t\t<div class=\"elementor-widget-container\">\n\t\t\t<div class=\"elementor-image-box-wrapper\"><figure class=\"elementor-image-box-img\"><img loading=\"lazy\" decoding=\"async\" width=\"400\" height=\"250\" src=\"https:\/\/www.garter.cz\/wp-content\/uploads\/2019\/07\/b-rolovaci-site-400x250.jpg\" class=\"elementor-animation-shrink attachment-full size-full wp-image-643\" alt=\"\" srcset=\"https:\/\/www.garter.cz\/wp-content\/uploads\/2019\/07\/b-rolovaci-site-400x250.jpg 400w, https:\/\/www.garter.cz\/wp-content\/uploads\/2019\/07\/b-rolovaci-site-400x250-300x188.jpg 300w, https:\/\/www.garter.cz\/wp-content\/uploads\/2019\/07\/b-rolovaci-site-400x250-24x15.jpg 24w, https:\/\/www.garter.cz\/wp-content\/uploads\/2019\/07\/b-rolovaci-site-400x250-36x23.jpg 36w, https:\/\/www.garter.cz\/wp-content\/uploads\/2019\/07\/b-rolovaci-site-400x250-48x30.jpg 48w\" sizes=\"(max-width: 400px) 100vw, 400px\" \/><\/figure><div class=\"elementor-image-box-content\"><h3 class=\"elementor-image-box-title\">Rolovac\u00ed s\u00edt\u011b proti hmyzu<\/h3><p class=\"elementor-image-box-description\">Praktick\u00fd dopln\u011bk, kter\u00fd neobt\u011b\u017euje. V dob\u011b, kdy se s\u00edt\u011b nevyu\u017e\u00edvaj\u00ed, je mo\u017eno ji navinout do boxu. Rolovac\u00ed s\u00edt\u011b jsou dod\u00e1v\u00e1ny v r\u016fzn\u00fdch barevn\u00fdch proveden\u00edch s mo\u017enost\u00ed lakov\u00e1n\u00ed boxu a vod\u00edc\u00edch li\u0161t.<\/p><\/div><\/div>\t\t<\/div>\n\t\t\t\t<\/div>\n\t\t\t\t\t<\/div>\n\t\t<\/div>\n\t\t\t\t\t<\/div>\n\t\t<\/section>\n\t\t\t\t<section class=\"elementor-section elementor-inner-section elementor-element elementor-element-984b560 elementor-section-boxed elementor-section-height-default elementor-section-height-default\" data-id=\"984b560\" data-element_type=\"section\">\n\t\t\t\t\t\t<div class=\"elementor-container elementor-column-gap-default\">\n\t\t\t\t\t<div class=\"elementor-column elementor-col-33 elementor-inner-column elementor-element elementor-element-dba5b3d\" data-id=\"dba5b3d\" data-element_type=\"column\">\n\t\t\t<div class=\"elementor-widget-wrap elementor-element-populated\">\n\t\t\t\t\t\t<div class=\"elementor-element elementor-element-1a39851 elementor-position-top elementor-widget elementor-widget-image-box\" data-id=\"1a39851\" data-element_type=\"widget\" data-widget_type=\"image-box.default\">\n\t\t\t\t<div class=\"elementor-widget-container\">\n\t\t\t<div class=\"elementor-image-box-wrapper\"><figure class=\"elementor-image-box-img\"><img loading=\"lazy\" decoding=\"async\" width=\"400\" height=\"250\" src=\"https:\/\/www.garter.cz\/wp-content\/uploads\/2019\/07\/b-latkove-zaluzie.jpg\" class=\"elementor-animation-shrink attachment-full size-full wp-image-551\" alt=\"\" srcset=\"https:\/\/www.garter.cz\/wp-content\/uploads\/2019\/07\/b-latkove-zaluzie.jpg 400w, https:\/\/www.garter.cz\/wp-content\/uploads\/2019\/07\/b-latkove-zaluzie-300x188.jpg 300w, https:\/\/www.garter.cz\/wp-content\/uploads\/2019\/07\/b-latkove-zaluzie-24x15.jpg 24w, https:\/\/www.garter.cz\/wp-content\/uploads\/2019\/07\/b-latkove-zaluzie-36x23.jpg 36w, https:\/\/www.garter.cz\/wp-content\/uploads\/2019\/07\/b-latkove-zaluzie-48x30.jpg 48w\" sizes=\"(max-width: 400px) 100vw, 400px\" \/><\/figure><div class=\"elementor-image-box-content\"><h3 class=\"elementor-image-box-title\">L\u00e1tkov\u00e9 \u017ealuzie plis\u00e9<\/h3><p class=\"elementor-image-box-description\">V\u00fdjime\u010dn\u011b flexibiln\u00ed, elegantn\u00ed a velmi dekorativn\u00ed prvek do va\u0161ich oken. \u017daluzie Plis\u00e9 p\u0159edstavuj\u00ed velmi efektivn\u00ed, dokonal\u00fd a estetick\u00fd zp\u016fsob zast\u00edn\u011bn\u00ed. Materi\u00e1lem pro st\u00edn\u011bn\u00ed je speci\u00e1ln\u00ed plisovan\u00e1 l\u00e1tka. <\/p><\/div><\/div>\t\t<\/div>\n\t\t\t\t<\/div>\n\t\t\t\t\t<\/div>\n\t\t<\/div>\n\t\t\t\t<div class=\"elementor-column elementor-col-66 elementor-inner-column elementor-element elementor-element-4a1784a\" data-id=\"4a1784a\" data-element_type=\"column\">\n\t\t\t<div class=\"elementor-widget-wrap elementor-element-populated\">\n\t\t\t\t\t\t<div class=\"elementor-element elementor-element-20caa77 elementor-position-left elementor-vertical-align-middle elementor-widget elementor-widget-image-box\" data-id=\"20caa77\" data-element_type=\"widget\" data-widget_type=\"image-box.default\">\n\t\t\t\t<div class=\"elementor-widget-container\">\n\t\t\t<div class=\"elementor-image-box-wrapper\"><figure class=\"elementor-image-box-img\"><img loading=\"lazy\" decoding=\"async\" width=\"400\" height=\"250\" src=\"https:\/\/www.garter.cz\/wp-content\/uploads\/2019\/07\/b-bambusove-roletky.jpg\" class=\"elementor-animation-shrink attachment-full size-full wp-image-547\" alt=\"\" srcset=\"https:\/\/www.garter.cz\/wp-content\/uploads\/2019\/07\/b-bambusove-roletky.jpg 400w, https:\/\/www.garter.cz\/wp-content\/uploads\/2019\/07\/b-bambusove-roletky-300x188.jpg 300w, https:\/\/www.garter.cz\/wp-content\/uploads\/2019\/07\/b-bambusove-roletky-24x15.jpg 24w, https:\/\/www.garter.cz\/wp-content\/uploads\/2019\/07\/b-bambusove-roletky-36x23.jpg 36w, https:\/\/www.garter.cz\/wp-content\/uploads\/2019\/07\/b-bambusove-roletky-48x30.jpg 48w\" sizes=\"(max-width: 400px) 100vw, 400px\" \/><\/figure><div class=\"elementor-image-box-content\"><h3 class=\"elementor-image-box-title\">Bambusov\u00e9 roletky<\/h3><p class=\"elementor-image-box-description\">Bambusov\u00e9 roletky jsou vyr\u00e1b\u011bny z \u010dist\u011b p\u0159\u00edrodn\u00edch materi\u00e1l\u016f a nab\u00edz\u00ed tak mno\u017estv\u00ed r\u016fzn\u00fdch dekora\u010dn\u00edch styl\u016f pro v\u00e1\u0161 interi\u00e9r p\u0159i vyu\u017eit\u00ed mnoha design\u016f ru\u010dn\u011b spleten\u00fdch p\u0159\u00edrodn\u00edch tkanin.<\/p><\/div><\/div>\t\t<\/div>\n\t\t\t\t<\/div>\n\t\t\t\t\t<\/div>\n\t\t<\/div>\n\t\t\t\t\t<\/div>\n\t\t<\/section>\n\t\t\t\t<section class=\"elementor-section elementor-inner-section elementor-element elementor-element-b12a55e elementor-section-boxed elementor-section-height-default elementor-section-height-default\" data-id=\"b12a55e\" data-element_type=\"section\">\n\t\t\t\t\t\t<div class=\"elementor-container elementor-column-gap-default\">\n\t\t\t\t\t<div class=\"elementor-column elementor-col-66 elementor-inner-column elementor-element elementor-element-c752ca1\" data-id=\"c752ca1\" data-element_type=\"column\">\n\t\t\t<div class=\"elementor-widget-wrap elementor-element-populated\">\n\t\t\t\t\t\t<div class=\"elementor-element elementor-element-167c0d1 elementor-position-right elementor-vertical-align-middle elementor-widget elementor-widget-image-box\" data-id=\"167c0d1\" data-element_type=\"widget\" data-widget_type=\"image-box.default\">\n\t\t\t\t<div class=\"elementor-widget-container\">\n\t\t\t<div class=\"elementor-image-box-wrapper\"><figure class=\"elementor-image-box-img\"><img loading=\"lazy\" decoding=\"async\" width=\"400\" height=\"250\" src=\"https:\/\/www.garter.cz\/wp-content\/uploads\/2019\/07\/samonosne-pergoly.jpg\" class=\"elementor-animation-shrink attachment-full size-full wp-image-562\" alt=\"\" srcset=\"https:\/\/www.garter.cz\/wp-content\/uploads\/2019\/07\/samonosne-pergoly.jpg 400w, https:\/\/www.garter.cz\/wp-content\/uploads\/2019\/07\/samonosne-pergoly-300x188.jpg 300w, https:\/\/www.garter.cz\/wp-content\/uploads\/2019\/07\/samonosne-pergoly-24x15.jpg 24w, https:\/\/www.garter.cz\/wp-content\/uploads\/2019\/07\/samonosne-pergoly-36x23.jpg 36w, https:\/\/www.garter.cz\/wp-content\/uploads\/2019\/07\/samonosne-pergoly-48x30.jpg 48w\" sizes=\"(max-width: 400px) 100vw, 400px\" \/><\/figure><div class=\"elementor-image-box-content\"><h3 class=\"elementor-image-box-title\">Samonosn\u00e9 pergoly<\/h3><p class=\"elementor-image-box-description\">Pergola lze roz\u0161\u00ed\u0159it o st\u00ednic\u00ed prvky \u2013 screenov\u00e9 rolety \u010di venkovn\u00ed \u017ealuzie a doplnit o de\u0161\u0165ov\u00e9 a teplotn\u00ed \u010didlo v p\u0159\u00edpad\u011b pou\u017eit\u00ed anti-snow syst\u00e9mu proti zasn\u011b\u017eov\u00e1n\u00ed lamel.<\/p><\/div><\/div>\t\t<\/div>\n\t\t\t\t<\/div>\n\t\t\t\t\t<\/div>\n\t\t<\/div>\n\t\t\t\t<div class=\"elementor-column elementor-col-33 elementor-inner-column elementor-element elementor-element-0df9636\" data-id=\"0df9636\" data-element_type=\"column\">\n\t\t\t<div class=\"elementor-widget-wrap elementor-element-populated\">\n\t\t\t\t\t\t<div class=\"elementor-element elementor-element-c21e9e6 elementor-position-top elementor-widget elementor-widget-image-box\" data-id=\"c21e9e6\" data-element_type=\"widget\" data-widget_type=\"image-box.default\">\n\t\t\t\t<div class=\"elementor-widget-container\">\n\t\t\t<div class=\"elementor-image-box-wrapper\"><figure class=\"elementor-image-box-img\"><img loading=\"lazy\" decoding=\"async\" width=\"400\" height=\"250\" src=\"https:\/\/www.garter.cz\/wp-content\/uploads\/2019\/07\/b-vnitrni-zaluzie.jpg\" class=\"elementor-animation-shrink attachment-full size-full wp-image-559\" alt=\"\" srcset=\"https:\/\/www.garter.cz\/wp-content\/uploads\/2019\/07\/b-vnitrni-zaluzie.jpg 400w, https:\/\/www.garter.cz\/wp-content\/uploads\/2019\/07\/b-vnitrni-zaluzie-300x188.jpg 300w, https:\/\/www.garter.cz\/wp-content\/uploads\/2019\/07\/b-vnitrni-zaluzie-24x15.jpg 24w, https:\/\/www.garter.cz\/wp-content\/uploads\/2019\/07\/b-vnitrni-zaluzie-36x23.jpg 36w, https:\/\/www.garter.cz\/wp-content\/uploads\/2019\/07\/b-vnitrni-zaluzie-48x30.jpg 48w\" sizes=\"(max-width: 400px) 100vw, 400px\" \/><\/figure><div class=\"elementor-image-box-content\"><h3 class=\"elementor-image-box-title\">Bambusov\u00e9 roletky<\/h3><p class=\"elementor-image-box-description\">Bambusov\u00e9 roletky jsou vyr\u00e1b\u011bny z \u010dist\u011b p\u0159\u00edrodn\u00edch materi\u00e1l\u016f a nab\u00edz\u00ed tak mno\u017estv\u00ed r\u016fzn\u00fdch dekora\u010dn\u00edch styl\u016f pro v\u00e1\u0161 interi\u00e9r p\u0159i vyu\u017eit\u00ed mnoha design\u016f ru\u010dn\u011b spleten\u00fdch p\u0159\u00edrodn\u00edch tkanin.<\/p><\/div><\/div>\t\t<\/div>\n\t\t\t\t<\/div>\n\t\t\t\t\t<\/div>\n\t\t<\/div>\n\t\t\t\t\t<\/div>\n\t\t<\/section>\n\t\t\t\t\t<\/div>\n\t\t<\/div>\n\t\t\t\t\t<\/div>\n\t\t<\/section>\n\t\t\t\t<section class=\"elementor-section elementor-top-section elementor-element elementor-element-003d443 elementor-section-boxed elementor-section-height-default elementor-section-height-default\" data-id=\"003d443\" data-element_type=\"section\">\n\t\t\t\t\t\t<div class=\"elementor-container elementor-column-gap-default\">\n\t\t\t\t\t<div class=\"elementor-column elementor-col-100 elementor-top-column elementor-element elementor-element-6826ca6\" data-id=\"6826ca6\" data-element_type=\"column\">\n\t\t\t<div class=\"elementor-widget-wrap elementor-element-populated\">\n\t\t\t\t\t\t<div class=\"elementor-element elementor-element-5971279 elementor-widget-divider--view-line elementor-widget elementor-widget-divider\" data-id=\"5971279\" data-element_type=\"widget\" data-widget_type=\"divider.default\">\n\t\t\t\t<div class=\"elementor-widget-container\">\n\t\t\t\t\t<div class=\"elementor-divider\">\n\t\t\t<span class=\"elementor-divider-separator\">\n\t\t\t\t\t\t<\/span>\n\t\t<\/div>\n\t\t\t\t<\/div>\n\t\t\t\t<\/div>\n\t\t\t\t<div class=\"elementor-element elementor-element-a693f34 elementor-widget elementor-widget-heading\" data-id=\"a693f34\" data-element_type=\"widget\" data-widget_type=\"heading.default\">\n\t\t\t\t<div class=\"elementor-widget-container\">\n\t\t\t<h1 class=\"elementor-heading-title elementor-size-default\">DOTACE<\/h1>\t\t<\/div>\n\t\t\t\t<\/div>\n\t\t\t\t<div class=\"elementor-element elementor-element-46f33df elementor-widget elementor-widget-text-editor\" data-id=\"46f33df\" data-element_type=\"widget\" data-widget_type=\"text-editor.default\">\n\t\t\t\t<div class=\"elementor-widget-container\">\n\t\t\t\t\t\t\t<p style=\"text-align: center;\"><span style=\"font-size: 14pt;\"><strong>P\u0159em\u00fd\u0161l\u00edte o p\u0159edokenn\u00edch rolet\u00e1ch nebo \u017ealuzi\u00edch? Nyn\u00ed m\u016f\u017eete z\u00edskat a\u017e 500,- na 1 m\u00b2.<\/strong><\/span><\/p><p><span style=\"font-family: tahoma, arial, helvetica, sans-serif;\"><i><span style=\"font-family: verdana, geneva, sans-serif;\">Dotace se vztahuje na p\u0159edokenn\u00ed rolety a \u017ealuzie, bez nutnosti zateplen\u00ed cel\u00e9ho domu \u010di bytu. Plat\u00ed pro v\u0161echny druhy oken v\u010detn\u011b kastlov\u00fdch. V\u0161e vy\u0159izuje p\u0159\u00edmo na\u0161e firma. Tud\u00ed\u017e \u017e\u00e1dn\u00e9 zbyte\u010dn\u00e9 pap\u00edrov\u00e1n\u00ed, dotace se ode\u010dtou ji\u017e p\u0159i objedn\u00e1vce.<\/span> Pro podm\u00ednky a v\u00edce informac\u00ed n\u00e1s nev\u00e1hejte kontaktovat.<br \/><\/i><\/span><\/p>\t\t\t\t\t\t<\/div>\n\t\t\t\t<\/div>\n\t\t\t\t<div class=\"elementor-element elementor-element-354e38e elementor-widget-divider--view-line elementor-widget elementor-widget-divider\" data-id=\"354e38e\" data-element_type=\"widget\" data-widget_type=\"divider.default\">\n\t\t\t\t<div class=\"elementor-widget-container\">\n\t\t\t\t\t<div class=\"elementor-divider\">\n\t\t\t<span class=\"elementor-divider-separator\">\n\t\t\t\t\t\t<\/span>\n\t\t<\/div>\n\t\t\t\t<\/div>\n\t\t\t\t<\/div>\n\t\t\t\t\t<\/div>\n\t\t<\/div>\n\t\t\t\t\t<\/div>\n\t\t<\/section>\n\t\t\t\t<section class=\"elementor-section elementor-top-section elementor-element elementor-element-f4fba3f elementor-section-boxed elementor-section-height-default elementor-section-height-default\" data-id=\"f4fba3f\" data-element_type=\"section\">\n\t\t\t\t\t\t<div class=\"elementor-container elementor-column-gap-default\">\n\t\t\t\t\t<div class=\"elementor-column elementor-col-100 elementor-top-column elementor-element elementor-element-f3dadc8\" data-id=\"f3dadc8\" data-element_type=\"column\">\n\t\t\t<div class=\"elementor-widget-wrap elementor-element-populated\">\n\t\t\t\t\t\t<section class=\"elementor-section elementor-inner-section elementor-element elementor-element-fdff208 elementor-section-boxed elementor-section-height-default elementor-section-height-default\" data-id=\"fdff208\" data-element_type=\"section\">\n\t\t\t\t\t\t<div class=\"elementor-container elementor-column-gap-default\">\n\t\t\t\t\t<div class=\"elementor-column elementor-col-50 elementor-inner-column elementor-element elementor-element-73674f2\" data-id=\"73674f2\" data-element_type=\"column\">\n\t\t\t<div class=\"elementor-widget-wrap elementor-element-populated\">\n\t\t\t\t\t\t<div class=\"elementor-element elementor-element-dbd47ce elementor-widget elementor-widget-google_maps\" data-id=\"dbd47ce\" data-element_type=\"widget\" data-widget_type=\"google_maps.default\">\n\t\t\t\t<div class=\"elementor-widget-container\">\n\t\t\t\t\t<div class=\"elementor-custom-embed\">\n\t\t\t<iframe loading=\"lazy\"\n\t\t\t\t\tsrc=\"https:\/\/maps.google.com\/maps?q=%C5%A0umperk%2C%20%C4%8Dsl.%20arm%C3%A1dy%20641%2F40&#038;t=m&#038;z=7&#038;output=embed&#038;iwloc=near\"\n\t\t\t\t\ttitle=\"\u0160umperk, \u010dsl. arm\u00e1dy 641\/40\"\n\t\t\t\t\taria-label=\"\u0160umperk, \u010dsl. arm\u00e1dy 641\/40\"\n\t\t\t><\/iframe>\n\t\t<\/div>\n\t\t\t\t<\/div>\n\t\t\t\t<\/div>\n\t\t\t\t\t<\/div>\n\t\t<\/div>\n\t\t\t\t<div class=\"elementor-column elementor-col-50 elementor-inner-column elementor-element elementor-element-9f4f015\" data-id=\"9f4f015\" data-element_type=\"column\">\n\t\t\t<div class=\"elementor-widget-wrap elementor-element-populated\">\n\t\t\t\t\t\t<div class=\"elementor-element elementor-element-a56ecb4 elementor-widget elementor-widget-heading\" data-id=\"a56ecb4\" data-element_type=\"widget\" data-widget_type=\"heading.default\">\n\t\t\t\t<div class=\"elementor-widget-container\">\n\t\t\t<h3 class=\"elementor-heading-title elementor-size-default\">Nev\u00e1hejte n\u00e1s kontaktovat<\/h3>\t\t<\/div>\n\t\t\t\t<\/div>\n\t\t\t\t<div class=\"elementor-element elementor-element-0962084 elementor-invisible elementor-widget elementor-widget-text-editor\" data-id=\"0962084\" data-element_type=\"widget\" data-settings=\"{&quot;_animation&quot;:&quot;fadeInRight&quot;}\" data-widget_type=\"text-editor.default\">\n\t\t\t\t<div class=\"elementor-widget-container\">\n\t\t\t\t\t\t\t<p style=\"text-align: center;\"><span style=\"font-size: 14pt;\"><strong>Kamil Nimmerichter<\/strong><\/span><\/p><p style=\"text-align: center;\">\u010csl. arm\u00e1dy 641\/40<br \/>78701, \u0160umperk<\/p><p style=\"text-align: center;\">TEL.: +420 774 007 022<br \/>MAIL: info@garter.cz<\/p><p style=\"text-align: center;\">I\u010c: 75294087<br \/>\u010eI\u010c: CZ8706056227<\/p>\t\t\t\t\t\t<\/div>\n\t\t\t\t<\/div>\n\t\t\t\t\t<\/div>\n\t\t<\/div>\n\t\t\t\t\t<\/div>\n\t\t<\/section>\n\t\t\t\t\t<\/div>\n\t\t<\/div>\n\t\t\t\t\t<\/div>\n\t\t<\/section>\n\t\t\t\t<\/div>\n\t\t","protected":false},"excerpt":{"rendered":"<p>Venkovn\u00ed rolety Na\u0161e hlin\u00edkov\u00e9 rolety na m\u00edru jsou ide\u00e1ln\u00edm \u0159e\u0161en\u00edm pro v\u00e1\u0161 projekt modernizace nebo novostavby. D\u00edky hlin\u00edkov\u00e9 lamele pln\u011bn\u00e9 izola\u010dn\u00ed p\u011bnou zvy\u0161uj\u00ed tepeln\u00e9 i protihlukov\u00e9 vlastnosti budov. Venkovn\u00ed \u017ealuzie Venkovn\u00ed \u017ealuzie jsou nejpou\u017e\u00edvan\u011bj\u0161\u00edm exteri\u00e9rov\u00fdm st\u00edn\u00edc\u00edm prvkem. Umo\u017e\u0148uj\u00ed plynule regulovat p\u0159irozen\u00e9 osv\u011btlen\u00ed, zachycuj\u00ed p\u0159\u00edm\u00e9 slune\u010dn\u00ed z\u00e1\u0159en\u00ed a chr\u00e1n\u00ed va\u0161e soukrom\u00ed. Horizont\u00e1ln\u00ed \u017ealuzie Horizont\u00e1ln\u00ed \u017ealuzie ochra\u0148uj\u00ed&hellip;<\/p>\n","protected":false},"author":1,"featured_media":0,"parent":0,"menu_order":0,"comment_status":"closed","ping_status":"closed","template":"","meta":[],"yoast_head":"<!-- This site is optimized with the Yoast SEO plugin v19.12 - https:\/\/yoast.com\/wordpress\/plugins\/seo\/ -->\n<title>Homepage | GARTER<\/title>\n<meta name=\"robots\" content=\"index, follow, max-snippet:-1, max-image-preview:large, max-video-preview:-1\" \/>\n<link rel=\"canonical\" href=\"https:\/\/www.garter.cz\/\" \/>\n<meta property=\"og:locale\" content=\"cs_CZ\" \/>\n<meta property=\"og:type\" content=\"article\" \/>\n<meta property=\"og:title\" content=\"Homepage | GARTER\" \/>\n<meta property=\"og:description\" content=\"Venkovn\u00ed rolety Na\u0161e hlin\u00edkov\u00e9 rolety na m\u00edru jsou ide\u00e1ln\u00edm \u0159e\u0161en\u00edm pro v\u00e1\u0161 projekt modernizace nebo novostavby. D\u00edky hlin\u00edkov\u00e9 lamele pln\u011bn\u00e9 izola\u010dn\u00ed p\u011bnou zvy\u0161uj\u00ed tepeln\u00e9 i protihlukov\u00e9 vlastnosti budov. Venkovn\u00ed \u017ealuzie Venkovn\u00ed \u017ealuzie jsou nejpou\u017e\u00edvan\u011bj\u0161\u00edm exteri\u00e9rov\u00fdm st\u00edn\u00edc\u00edm prvkem. Umo\u017e\u0148uj\u00ed plynule regulovat p\u0159irozen\u00e9 osv\u011btlen\u00ed, zachycuj\u00ed p\u0159\u00edm\u00e9 slune\u010dn\u00ed z\u00e1\u0159en\u00ed a chr\u00e1n\u00ed va\u0161e soukrom\u00ed. Horizont\u00e1ln\u00ed \u017ealuzie Horizont\u00e1ln\u00ed \u017ealuzie ochra\u0148uj\u00ed&hellip;\" \/>\n<meta property=\"og:url\" content=\"https:\/\/www.garter.cz\/\" \/>\n<meta property=\"og:site_name\" content=\"GARTER\" \/>\n<meta property=\"article:publisher\" content=\"https:\/\/www.facebook.com\/Garter-180263639189596\/\" \/>\n<meta property=\"article:modified_time\" content=\"2022-03-18T09:26:09+00:00\" \/>\n<meta property=\"og:image\" content=\"http:\/\/www.garter.cz\/wp-content\/uploads\/2019\/07\/b-venkovni-rolety.jpg\" \/>\n<meta name=\"twitter:card\" content=\"summary_large_image\" \/>\n<meta name=\"twitter:label1\" content=\"Odhadovan\u00e1 doba \u010dten\u00ed\" \/>\n\t<meta name=\"twitter:data1\" content=\"4 minuty\" \/>\n<script type=\"application\/ld+json\" class=\"yoast-schema-graph\">{\"@context\":\"https:\/\/schema.org\",\"@graph\":[{\"@type\":\"WebPage\",\"@id\":\"https:\/\/www.garter.cz\/\",\"url\":\"https:\/\/www.garter.cz\/\",\"name\":\"Homepage | GARTER\",\"isPartOf\":{\"@id\":\"https:\/\/www.garter.cz\/#website\"},\"datePublished\":\"2019-07-02T19:00:57+00:00\",\"dateModified\":\"2022-03-18T09:26:09+00:00\",\"breadcrumb\":{\"@id\":\"https:\/\/www.garter.cz\/#breadcrumb\"},\"inLanguage\":\"cs\",\"potentialAction\":[{\"@type\":\"ReadAction\",\"target\":[\"https:\/\/www.garter.cz\/\"]}]},{\"@type\":\"BreadcrumbList\",\"@id\":\"https:\/\/www.garter.cz\/#breadcrumb\",\"itemListElement\":[{\"@type\":\"ListItem\",\"position\":1,\"name\":\"Dom\u016f\",\"item\":\"https:\/\/www.garter.cz\/\"},{\"@type\":\"ListItem\",\"position\":2,\"name\":\"Homepage\"}]},{\"@type\":\"WebSite\",\"@id\":\"https:\/\/www.garter.cz\/#website\",\"url\":\"https:\/\/www.garter.cz\/\",\"name\":\"GARTER\",\"description\":\"Profesion\u00e1ln\u00ed st\u00edn\u00edc\u00ed technika\",\"publisher\":{\"@id\":\"https:\/\/www.garter.cz\/#organization\"},\"potentialAction\":[{\"@type\":\"SearchAction\",\"target\":{\"@type\":\"EntryPoint\",\"urlTemplate\":\"https:\/\/www.garter.cz\/?s={search_term_string}\"},\"query-input\":\"required name=search_term_string\"}],\"inLanguage\":\"cs\"},{\"@type\":\"Organization\",\"@id\":\"https:\/\/www.garter.cz\/#organization\",\"name\":\"GARTER\",\"url\":\"https:\/\/www.garter.cz\/\",\"logo\":{\"@type\":\"ImageObject\",\"inLanguage\":\"cs\",\"@id\":\"https:\/\/www.garter.cz\/#\/schema\/logo\/image\/\",\"url\":\"https:\/\/www.garter.cz\/wp-content\/uploads\/2017\/10\/logo-pr\u016fhledn\u00e9-e1508868751734.png\",\"contentUrl\":\"https:\/\/www.garter.cz\/wp-content\/uploads\/2017\/10\/logo-pr\u016fhledn\u00e9-e1508868751734.png\",\"width\":50,\"height\":50,\"caption\":\"GARTER\"},\"image\":{\"@id\":\"https:\/\/www.garter.cz\/#\/schema\/logo\/image\/\"},\"sameAs\":[\"https:\/\/www.facebook.com\/Garter-180263639189596\/\"]}]}<\/script>\n<!-- \/ Yoast SEO plugin. -->","yoast_head_json":{"title":"Homepage | GARTER","robots":{"index":"index","follow":"follow","max-snippet":"max-snippet:-1","max-image-preview":"max-image-preview:large","max-video-preview":"max-video-preview:-1"},"canonical":"https:\/\/www.garter.cz\/","og_locale":"cs_CZ","og_type":"article","og_title":"Homepage | GARTER","og_description":"Venkovn\u00ed rolety Na\u0161e hlin\u00edkov\u00e9 rolety na m\u00edru jsou ide\u00e1ln\u00edm \u0159e\u0161en\u00edm pro v\u00e1\u0161 projekt modernizace nebo novostavby. D\u00edky hlin\u00edkov\u00e9 lamele pln\u011bn\u00e9 izola\u010dn\u00ed p\u011bnou zvy\u0161uj\u00ed tepeln\u00e9 i protihlukov\u00e9 vlastnosti budov. Venkovn\u00ed \u017ealuzie Venkovn\u00ed \u017ealuzie jsou nejpou\u017e\u00edvan\u011bj\u0161\u00edm exteri\u00e9rov\u00fdm st\u00edn\u00edc\u00edm prvkem. Umo\u017e\u0148uj\u00ed plynule regulovat p\u0159irozen\u00e9 osv\u011btlen\u00ed, zachycuj\u00ed p\u0159\u00edm\u00e9 slune\u010dn\u00ed z\u00e1\u0159en\u00ed a chr\u00e1n\u00ed va\u0161e soukrom\u00ed. Horizont\u00e1ln\u00ed \u017ealuzie Horizont\u00e1ln\u00ed \u017ealuzie ochra\u0148uj\u00ed&hellip;","og_url":"https:\/\/www.garter.cz\/","og_site_name":"GARTER","article_publisher":"https:\/\/www.facebook.com\/Garter-180263639189596\/","article_modified_time":"2022-03-18T09:26:09+00:00","og_image":[{"url":"http:\/\/www.garter.cz\/wp-content\/uploads\/2019\/07\/b-venkovni-rolety.jpg"}],"twitter_card":"summary_large_image","twitter_misc":{"Odhadovan\u00e1 doba \u010dten\u00ed":"4 minuty"},"schema":{"@context":"https:\/\/schema.org","@graph":[{"@type":"WebPage","@id":"https:\/\/www.garter.cz\/","url":"https:\/\/www.garter.cz\/","name":"Homepage | GARTER","isPartOf":{"@id":"https:\/\/www.garter.cz\/#website"},"datePublished":"2019-07-02T19:00:57+00:00","dateModified":"2022-03-18T09:26:09+00:00","breadcrumb":{"@id":"https:\/\/www.garter.cz\/#breadcrumb"},"inLanguage":"cs","potentialAction":[{"@type":"ReadAction","target":["https:\/\/www.garter.cz\/"]}]},{"@type":"BreadcrumbList","@id":"https:\/\/www.garter.cz\/#breadcrumb","itemListElement":[{"@type":"ListItem","position":1,"name":"Dom\u016f","item":"https:\/\/www.garter.cz\/"},{"@type":"ListItem","position":2,"name":"Homepage"}]},{"@type":"WebSite","@id":"https:\/\/www.garter.cz\/#website","url":"https:\/\/www.garter.cz\/","name":"GARTER","description":"Profesion\u00e1ln\u00ed st\u00edn\u00edc\u00ed technika","publisher":{"@id":"https:\/\/www.garter.cz\/#organization"},"potentialAction":[{"@type":"SearchAction","target":{"@type":"EntryPoint","urlTemplate":"https:\/\/www.garter.cz\/?s={search_term_string}"},"query-input":"required name=search_term_string"}],"inLanguage":"cs"},{"@type":"Organization","@id":"https:\/\/www.garter.cz\/#organization","name":"GARTER","url":"https:\/\/www.garter.cz\/","logo":{"@type":"ImageObject","inLanguage":"cs","@id":"https:\/\/www.garter.cz\/#\/schema\/logo\/image\/","url":"https:\/\/www.garter.cz\/wp-content\/uploads\/2017\/10\/logo-pr\u016fhledn\u00e9-e1508868751734.png","contentUrl":"https:\/\/www.garter.cz\/wp-content\/uploads\/2017\/10\/logo-pr\u016fhledn\u00e9-e1508868751734.png","width":50,"height":50,"caption":"GARTER"},"image":{"@id":"https:\/\/www.garter.cz\/#\/schema\/logo\/image\/"},"sameAs":["https:\/\/www.facebook.com\/Garter-180263639189596\/"]}]}},"_links":{"self":[{"href":"https:\/\/www.garter.cz\/index.php\/wp-json\/wp\/v2\/pages\/541"}],"collection":[{"href":"https:\/\/www.garter.cz\/index.php\/wp-json\/wp\/v2\/pages"}],"about":[{"href":"https:\/\/www.garter.cz\/index.php\/wp-json\/wp\/v2\/types\/page"}],"author":[{"embeddable":true,"href":"https:\/\/www.garter.cz\/index.php\/wp-json\/wp\/v2\/users\/1"}],"replies":[{"embeddable":true,"href":"https:\/\/www.garter.cz\/index.php\/wp-json\/wp\/v2\/comments?post=541"}],"version-history":[{"count":45,"href":"https:\/\/www.garter.cz\/index.php\/wp-json\/wp\/v2\/pages\/541\/revisions"}],"predecessor-version":[{"id":720,"href":"https:\/\/www.garter.cz\/index.php\/wp-json\/wp\/v2\/pages\/541\/revisions\/720"}],"wp:attachment":[{"href":"https:\/\/www.garter.cz\/index.php\/wp-json\/wp\/v2\/media?parent=541"}],"curies":[{"name":"wp","href":"https:\/\/api.w.org\/{rel}","templated":true}]}}