{"id":590,"date":"2019-07-02T19:41:35","date_gmt":"2019-07-02T19:41:35","guid":{"rendered":"http:\/\/www.garter.cz\/?page_id=590"},"modified":"2023-12-12T09:22:08","modified_gmt":"2023-12-12T09:22:08","slug":"kontakt","status":"publish","type":"page","link":"https:\/\/www.garter.cz\/index.php\/kontakt\/","title":{"rendered":"Kontakt"},"content":{"rendered":"\t\t<div data-elementor-type=\"wp-post\" data-elementor-id=\"590\" class=\"elementor elementor-590\">\n\t\t\t\t\t\t<section class=\"elementor-section elementor-top-section elementor-element elementor-element-a5b58f9 elementor-section-boxed elementor-section-height-default elementor-section-height-default\" data-id=\"a5b58f9\" data-element_type=\"section\">\n\t\t\t\t\t\t<div class=\"elementor-container elementor-column-gap-default\">\n\t\t\t\t\t<div class=\"elementor-column elementor-col-100 elementor-top-column elementor-element elementor-element-d34c12b\" data-id=\"d34c12b\" data-element_type=\"column\">\n\t\t\t<div class=\"elementor-widget-wrap elementor-element-populated\">\n\t\t\t\t\t\t<div class=\"elementor-element elementor-element-5cb3168 elementor-widget elementor-widget-heading\" data-id=\"5cb3168\" data-element_type=\"widget\" data-widget_type=\"heading.default\">\n\t\t\t\t<div class=\"elementor-widget-container\">\n\t\t\t<h3 class=\"elementor-heading-title elementor-size-default\">Kontaktn\u00ed \u00fadaje<\/h3>\t\t<\/div>\n\t\t\t\t<\/div>\n\t\t\t\t<section class=\"elementor-section elementor-inner-section elementor-element elementor-element-248b286 elementor-section-boxed elementor-section-height-default elementor-section-height-default\" data-id=\"248b286\" data-element_type=\"section\">\n\t\t\t\t\t\t<div class=\"elementor-container elementor-column-gap-default\">\n\t\t\t\t\t<div class=\"elementor-column elementor-col-50 elementor-inner-column elementor-element elementor-element-1636ecb elementor-invisible\" data-id=\"1636ecb\" data-element_type=\"column\" data-settings=\"{&quot;animation&quot;:&quot;fadeInLeft&quot;}\">\n\t\t\t<div class=\"elementor-widget-wrap elementor-element-populated\">\n\t\t\t\t\t\t<div class=\"elementor-element elementor-element-72e9935 elementor-widget elementor-widget-text-editor\" data-id=\"72e9935\" data-element_type=\"widget\" data-widget_type=\"text-editor.default\">\n\t\t\t\t<div class=\"elementor-widget-container\">\n\t\t\t\t\t\t\t<h4><strong>Kontaktn\u00ed adresa:<\/strong><\/h4><p>\u010csl. arm\u00e1dy 641\/40<br \/>78701, \u0160umperk<\/p><h4><strong>Objedn\u00e1vky, popt\u00e1vky:<\/strong><\/h4><p>Tel.: +420 774 007 022<br \/>Mail.: info@garter.cz<\/p><h4>\u00a0<\/h4>\t\t\t\t\t\t<\/div>\n\t\t\t\t<\/div>\n\t\t\t\t\t<\/div>\n\t\t<\/div>\n\t\t\t\t<div class=\"elementor-column elementor-col-50 elementor-inner-column elementor-element elementor-element-2aab124 elementor-invisible\" data-id=\"2aab124\" data-element_type=\"column\" data-settings=\"{&quot;animation&quot;:&quot;fadeInRight&quot;}\">\n\t\t\t<div class=\"elementor-widget-wrap elementor-element-populated\">\n\t\t\t\t\t\t<div class=\"elementor-element elementor-element-e9ccab5 elementor-widget elementor-widget-text-editor\" data-id=\"e9ccab5\" data-element_type=\"widget\" data-widget_type=\"text-editor.default\">\n\t\t\t\t<div class=\"elementor-widget-container\">\n\t\t\t\t\t\t\t<h4><strong>Identifika\u010dn\u00ed \u00fadaje:<\/strong><\/h4><p>I\u010c: 75294087<br \/>DI\u010c: CZ8706056227<\/p><h4 style=\"font-family: Roboto, sans-serif; color: #7a7a7a;\"><strong>Faktura\u010dn\u00ed adresa:<\/strong><\/h4><p>Vrchlick\u00e9ho 792\/32<br \/>150 00, Praha<\/p>\t\t\t\t\t\t<\/div>\n\t\t\t\t<\/div>\n\t\t\t\t\t<\/div>\n\t\t<\/div>\n\t\t\t\t\t<\/div>\n\t\t<\/section>\n\t\t\t\t<div class=\"elementor-element elementor-element-f6ebccf elementor-invisible elementor-widget elementor-widget-google_maps\" data-id=\"f6ebccf\" data-element_type=\"widget\" data-settings=\"{&quot;_animation&quot;:&quot;fadeInUp&quot;}\" data-widget_type=\"google_maps.default\">\n\t\t\t\t<div class=\"elementor-widget-container\">\n\t\t\t\t\t<div class=\"elementor-custom-embed\">\n\t\t\t<iframe loading=\"lazy\"\n\t\t\t\t\tsrc=\"https:\/\/maps.google.com\/maps?q=%C4%8Csl.%20arm%C3%A1dy%20641%2F40&#038;t=m&#038;z=7&#038;output=embed&#038;iwloc=near\"\n\t\t\t\t\ttitle=\"\u010csl. arm\u00e1dy 641\/40\"\n\t\t\t\t\taria-label=\"\u010csl. arm\u00e1dy 641\/40\"\n\t\t\t><\/iframe>\n\t\t<\/div>\n\t\t\t\t<\/div>\n\t\t\t\t<\/div>\n\t\t\t\t\t<\/div>\n\t\t<\/div>\n\t\t\t\t\t<\/div>\n\t\t<\/section>\n\t\t\t\t<\/div>\n\t\t","protected":false},"excerpt":{"rendered":"<p>Kontaktn\u00ed \u00fadaje Kontaktn\u00ed adresa: \u010csl. arm\u00e1dy 641\/4078701, \u0160umperk Objedn\u00e1vky, popt\u00e1vky: Tel.: +420 774 007 022Mail.: info@garter.cz \u00a0 Identifika\u010dn\u00ed \u00fadaje: I\u010c: 75294087DI\u010c: CZ8706056227 Faktura\u010dn\u00ed adresa: Vrchlick\u00e9ho 792\/32150 00, Praha<\/p>\n","protected":false},"author":1,"featured_media":0,"parent":0,"menu_order":0,"comment_status":"closed","ping_status":"closed","template":"","meta":[],"yoast_head":"<!-- This site is optimized with the Yoast SEO plugin v19.12 - https:\/\/yoast.com\/wordpress\/plugins\/seo\/ -->\n<title>Kontakt | GARTER<\/title>\n<meta name=\"robots\" content=\"index, follow, max-snippet:-1, max-image-preview:large, max-video-preview:-1\" \/>\n<link rel=\"canonical\" href=\"https:\/\/www.garter.cz\/index.php\/kontakt\/\" \/>\n<meta property=\"og:locale\" content=\"cs_CZ\" \/>\n<meta property=\"og:type\" content=\"article\" \/>\n<meta property=\"og:title\" content=\"Kontakt | GARTER\" \/>\n<meta property=\"og:description\" content=\"Kontaktn\u00ed \u00fadaje Kontaktn\u00ed adresa: \u010csl. arm\u00e1dy 641\/4078701, \u0160umperk Objedn\u00e1vky, popt\u00e1vky: Tel.: +420 774 007 022Mail.: info@garter.cz \u00a0 Identifika\u010dn\u00ed \u00fadaje: I\u010c: 75294087DI\u010c: CZ8706056227 Faktura\u010dn\u00ed adresa: Vrchlick\u00e9ho 792\/32150 00, Praha\" \/>\n<meta property=\"og:url\" content=\"https:\/\/www.garter.cz\/index.php\/kontakt\/\" \/>\n<meta property=\"og:site_name\" content=\"GARTER\" \/>\n<meta property=\"article:publisher\" content=\"https:\/\/www.facebook.com\/Garter-180263639189596\/\" \/>\n<meta property=\"article:modified_time\" content=\"2023-12-12T09:22:08+00:00\" \/>\n<meta name=\"twitter:card\" content=\"summary_large_image\" \/>\n<meta name=\"twitter:label1\" content=\"Odhadovan\u00e1 doba \u010dten\u00ed\" \/>\n\t<meta name=\"twitter:data1\" content=\"1 minuta\" \/>\n<script type=\"application\/ld+json\" class=\"yoast-schema-graph\">{\"@context\":\"https:\/\/schema.org\",\"@graph\":[{\"@type\":\"WebPage\",\"@id\":\"https:\/\/www.garter.cz\/index.php\/kontakt\/\",\"url\":\"https:\/\/www.garter.cz\/index.php\/kontakt\/\",\"name\":\"Kontakt | GARTER\",\"isPartOf\":{\"@id\":\"https:\/\/www.garter.cz\/#website\"},\"datePublished\":\"2019-07-02T19:41:35+00:00\",\"dateModified\":\"2023-12-12T09:22:08+00:00\",\"breadcrumb\":{\"@id\":\"https:\/\/www.garter.cz\/index.php\/kontakt\/#breadcrumb\"},\"inLanguage\":\"cs\",\"potentialAction\":[{\"@type\":\"ReadAction\",\"target\":[\"https:\/\/www.garter.cz\/index.php\/kontakt\/\"]}]},{\"@type\":\"BreadcrumbList\",\"@id\":\"https:\/\/www.garter.cz\/index.php\/kontakt\/#breadcrumb\",\"itemListElement\":[{\"@type\":\"ListItem\",\"position\":1,\"name\":\"Dom\u016f\",\"item\":\"https:\/\/www.garter.cz\/\"},{\"@type\":\"ListItem\",\"position\":2,\"name\":\"Kontakt\"}]},{\"@type\":\"WebSite\",\"@id\":\"https:\/\/www.garter.cz\/#website\",\"url\":\"https:\/\/www.garter.cz\/\",\"name\":\"GARTER\",\"description\":\"Profesion\u00e1ln\u00ed st\u00edn\u00edc\u00ed technika\",\"publisher\":{\"@id\":\"https:\/\/www.garter.cz\/#organization\"},\"potentialAction\":[{\"@type\":\"SearchAction\",\"target\":{\"@type\":\"EntryPoint\",\"urlTemplate\":\"https:\/\/www.garter.cz\/?s={search_term_string}\"},\"query-input\":\"required name=search_term_string\"}],\"inLanguage\":\"cs\"},{\"@type\":\"Organization\",\"@id\":\"https:\/\/www.garter.cz\/#organization\",\"name\":\"GARTER\",\"url\":\"https:\/\/www.garter.cz\/\",\"logo\":{\"@type\":\"ImageObject\",\"inLanguage\":\"cs\",\"@id\":\"https:\/\/www.garter.cz\/#\/schema\/logo\/image\/\",\"url\":\"https:\/\/www.garter.cz\/wp-content\/uploads\/2017\/10\/logo-pr\u016fhledn\u00e9-e1508868751734.png\",\"contentUrl\":\"https:\/\/www.garter.cz\/wp-content\/uploads\/2017\/10\/logo-pr\u016fhledn\u00e9-e1508868751734.png\",\"width\":50,\"height\":50,\"caption\":\"GARTER\"},\"image\":{\"@id\":\"https:\/\/www.garter.cz\/#\/schema\/logo\/image\/\"},\"sameAs\":[\"https:\/\/www.facebook.com\/Garter-180263639189596\/\"]}]}<\/script>\n<!-- \/ Yoast SEO plugin. -->","yoast_head_json":{"title":"Kontakt | GARTER","robots":{"index":"index","follow":"follow","max-snippet":"max-snippet:-1","max-image-preview":"max-image-preview:large","max-video-preview":"max-video-preview:-1"},"canonical":"https:\/\/www.garter.cz\/index.php\/kontakt\/","og_locale":"cs_CZ","og_type":"article","og_title":"Kontakt | GARTER","og_description":"Kontaktn\u00ed \u00fadaje Kontaktn\u00ed adresa: \u010csl. arm\u00e1dy 641\/4078701, \u0160umperk Objedn\u00e1vky, popt\u00e1vky: Tel.: +420 774 007 022Mail.: info@garter.cz \u00a0 Identifika\u010dn\u00ed \u00fadaje: I\u010c: 75294087DI\u010c: CZ8706056227 Faktura\u010dn\u00ed adresa: Vrchlick\u00e9ho 792\/32150 00, Praha","og_url":"https:\/\/www.garter.cz\/index.php\/kontakt\/","og_site_name":"GARTER","article_publisher":"https:\/\/www.facebook.com\/Garter-180263639189596\/","article_modified_time":"2023-12-12T09:22:08+00:00","twitter_card":"summary_large_image","twitter_misc":{"Odhadovan\u00e1 doba \u010dten\u00ed":"1 minuta"},"schema":{"@context":"https:\/\/schema.org","@graph":[{"@type":"WebPage","@id":"https:\/\/www.garter.cz\/index.php\/kontakt\/","url":"https:\/\/www.garter.cz\/index.php\/kontakt\/","name":"Kontakt | GARTER","isPartOf":{"@id":"https:\/\/www.garter.cz\/#website"},"datePublished":"2019-07-02T19:41:35+00:00","dateModified":"2023-12-12T09:22:08+00:00","breadcrumb":{"@id":"https:\/\/www.garter.cz\/index.php\/kontakt\/#breadcrumb"},"inLanguage":"cs","potentialAction":[{"@type":"ReadAction","target":["https:\/\/www.garter.cz\/index.php\/kontakt\/"]}]},{"@type":"BreadcrumbList","@id":"https:\/\/www.garter.cz\/index.php\/kontakt\/#breadcrumb","itemListElement":[{"@type":"ListItem","position":1,"name":"Dom\u016f","item":"https:\/\/www.garter.cz\/"},{"@type":"ListItem","position":2,"name":"Kontakt"}]},{"@type":"WebSite","@id":"https:\/\/www.garter.cz\/#website","url":"https:\/\/www.garter.cz\/","name":"GARTER","description":"Profesion\u00e1ln\u00ed st\u00edn\u00edc\u00ed technika","publisher":{"@id":"https:\/\/www.garter.cz\/#organization"},"potentialAction":[{"@type":"SearchAction","target":{"@type":"EntryPoint","urlTemplate":"https:\/\/www.garter.cz\/?s={search_term_string}"},"query-input":"required name=search_term_string"}],"inLanguage":"cs"},{"@type":"Organization","@id":"https:\/\/www.garter.cz\/#organization","name":"GARTER","url":"https:\/\/www.garter.cz\/","logo":{"@type":"ImageObject","inLanguage":"cs","@id":"https:\/\/www.garter.cz\/#\/schema\/logo\/image\/","url":"https:\/\/www.garter.cz\/wp-content\/uploads\/2017\/10\/logo-pr\u016fhledn\u00e9-e1508868751734.png","contentUrl":"https:\/\/www.garter.cz\/wp-content\/uploads\/2017\/10\/logo-pr\u016fhledn\u00e9-e1508868751734.png","width":50,"height":50,"caption":"GARTER"},"image":{"@id":"https:\/\/www.garter.cz\/#\/schema\/logo\/image\/"},"sameAs":["https:\/\/www.facebook.com\/Garter-180263639189596\/"]}]}},"_links":{"self":[{"href":"https:\/\/www.garter.cz\/index.php\/wp-json\/wp\/v2\/pages\/590"}],"collection":[{"href":"https:\/\/www.garter.cz\/index.php\/wp-json\/wp\/v2\/pages"}],"about":[{"href":"https:\/\/www.garter.cz\/index.php\/wp-json\/wp\/v2\/types\/page"}],"author":[{"embeddable":true,"href":"https:\/\/www.garter.cz\/index.php\/wp-json\/wp\/v2\/users\/1"}],"replies":[{"embeddable":true,"href":"https:\/\/www.garter.cz\/index.php\/wp-json\/wp\/v2\/comments?post=590"}],"version-history":[{"count":19,"href":"https:\/\/www.garter.cz\/index.php\/wp-json\/wp\/v2\/pages\/590\/revisions"}],"predecessor-version":[{"id":730,"href":"https:\/\/www.garter.cz\/index.php\/wp-json\/wp\/v2\/pages\/590\/revisions\/730"}],"wp:attachment":[{"href":"https:\/\/www.garter.cz\/index.php\/wp-json\/wp\/v2\/media?parent=590"}],"curies":[{"name":"wp","href":"https:\/\/api.w.org\/{rel}","templated":true}]}}