{"id":677,"date":"2019-08-19T16:34:51","date_gmt":"2019-08-19T16:34:51","guid":{"rendered":"http:\/\/www.garter.cz\/?page_id=677"},"modified":"2019-08-19T16:34:51","modified_gmt":"2019-08-19T16:34:51","slug":"informacni-memorandum-se-zpracovanim-osobnich-udaju","status":"publish","type":"page","link":"https:\/\/www.garter.cz\/index.php\/informacni-memorandum-se-zpracovanim-osobnich-udaju\/","title":{"rendered":"INFORMA\u010cN\u00cd MEMORANDUM SE ZPRACOV\u00c1N\u00cdM OSOBN\u00cdCH \u00daDAJ\u016e"},"content":{"rendered":"<p>V\u00e1\u017een\u00ed z\u00e1kazn\u00edci a obchodn\u00ed partne\u0159i,<\/p>\n<p class=\"western\">dokument, kter\u00fd pr\u00e1v\u011b \u010dtete obsahuje z\u00e1kladn\u00ed informace ohledn\u011b toho, jak zpracov\u00e1v\u00e1me Va\u0161e osobn\u00ed \u00fadaje. V\u00e1\u017e\u00edme si toho, \u017ee s n\u00e1mi sv\u00e9 osobn\u00ed \u00fadaje sd\u00edl\u00edte a jsme odhodl\u00e1ni je v maxim\u00e1ln\u00ed mo\u017en\u00e9 m\u00ed\u0159e chr\u00e1nit. Rovn\u011b\u017e se sna\u017e\u00edme b\u00fdt ve vztahu k V\u00e1m co nejv\u00edce transparentn\u00ed, zejm\u00e9na ohledn\u011b toho, jak Va\u0161e osobn\u00ed \u00fadaje zpracov\u00e1v\u00e1me.<\/p>\n<p class=\"western\">Vzhledem k nov\u00e9 legislativ\u011b Evropsk\u00e9 unie, bylo toto informa\u010dn\u00ed memorandum p\u0159ipraveno v souladu s Na\u0159\u00edzen\u00edm Evropsk\u00e9ho parlamentu a Rady (EU) 2016\/679 ze dne 27. dubna 2016 o ochran\u011b fyzick\u00fdch osob v souvislosti se zpracov\u00e1n\u00edm osobn\u00edch \u00fadaj\u016f a o voln\u00e9m pohybu t\u011bchto \u00fadaj\u016f a o zru\u0161en\u00ed sm\u011brnice 95\/46\/ES (GDPR).<\/p>\n<p class=\"western\">V tomto memorandu se V\u00e1m sna\u017e\u00edme informace podat co nejp\u0159ehledn\u011bji, proto jsme zvolili formu ot\u00e1zek a odpov\u011bd\u00ed, kter\u00e9 bychom V\u00e1m na n\u011b poskytli. Informace se dozv\u00edte v n\u00e1sleduj\u00edc\u00edm po\u0159ad\u00ed:<\/p>\n<ol>\n<li>Kdo je spr\u00e1vcem osobn\u00edch \u00fadaj\u016f?<\/li>\n<li>Kdo je pov\u011b\u0159enec pro ochranu osobn\u00edch \u00fadaj\u016f?<\/li>\n<li>K jak\u00e9mu \u00fa\u010delu osobn\u00ed \u00fadaje pot\u0159ebujeme?<\/li>\n<li>Jak\u00e9 jsou na\u0161e opr\u00e1vn\u011bn\u00e9 z\u00e1jmy?<\/li>\n<li>Jak byly osobn\u00ed \u00fadaje z\u00edsk\u00e1ny?<\/li>\n<li>Jak\u00e9 kategorie osobn\u00edch \u00fadaj\u016f jsou zpracov\u00e1v\u00e1ny?<\/li>\n<li>Jak\u00fd je pr\u00e1vn\u00ed z\u00e1klad pro zpracov\u00e1n\u00ed osobn\u00edch \u00fadaj\u016f?<\/li>\n<li>Budeme osobn\u00ed \u00fadaje p\u0159ed\u00e1vat n\u011bkomu dal\u0161\u00edmu?<\/li>\n<li>Budeme osobn\u00ed \u00fadaje p\u0159ed\u00e1vat do t\u0159et\u00ed zem\u011b nebo mezin\u00e1rodn\u00ed organizace?<\/li>\n<li>Jak dlouho budeme osobn\u00ed \u00fadaje ukl\u00e1dat?<\/li>\n<li>Jak\u00e1 jsou va\u0161e pr\u00e1va souvisej\u00edc\u00ed se zpracov\u00e1v\u00e1n\u00edm osobn\u00edch \u00fadaj\u016f a jak je m\u016f\u017eete uplatnit?<\/li>\n<li>Jsou osobn\u00ed \u00fadaje automaticky vyhodnocov\u00e1ny?<\/li>\n<\/ol>\n<p class=\"western\">Toto informa\u010dn\u00ed memorandum p\u0159edkl\u00e1d\u00e1 z\u00e1kladn\u00ed informace, kter\u00e9 jsme jako spr\u00e1vce osobn\u00edch \u00fadaj\u016f povinni poskytnout.<\/p>\n<p class=\"western\">V p\u0159\u00edpad\u011b jak\u00fdchkoliv dotaz\u016f ohledn\u011b zpracov\u00e1n\u00ed Va\u0161ich osobn\u00edch \u00fadaj\u016f, se n\u00e1s nev\u00e1hejte kontaktovat na e-mailov\u00e9 adrese info@garter.cz nebo na telefonu +420 774 007 022. Ve v\u0161ech p\u0159\u00edpadech n\u00e1s lze kontaktovat na na\u0161\u00ed doru\u010dovac\u00ed adrese \u010csl. arm\u00e1dy 641\/40, \u0160umperk, 787 01<\/p>\n<h2 class=\"western\">1.Kdo je spr\u00e1vcem osobn\u00edch \u00fadaj\u016f?<\/h2>\n<p class=\"western\">Spr\u00e1vce je osoba, kter\u00e1 sama nebo spole\u010dn\u011b s jin\u00fdmi ur\u010duje \u00fa\u010dely a rozhoduje o tom, jak\u00fdm zp\u016fsobem budou osobn\u00ed \u00fadaje zpracov\u00e1ny.<\/p>\n<p class=\"western\">Spr\u00e1vcem osobn\u00edch \u00fadaj\u016f je Kamil Nimmerrichter, trvale bytem Vrchlick\u00e9ho 792\/3, 150 00, Praha, I\u010c: 75294087. Spr\u00e1vce lze kontaktovat na e-mailov\u00e9 adrese info@garter.cz nebo na telefonu +420 774 007 022.<\/p>\n<p class=\"western\">\n<h2 class=\"western\">2.Kdo je pov\u011b\u0159enec pro ochranu osobn\u00edch \u00fadaj\u016f?<\/h2>\n<p class=\"western\">Pov\u011b\u0159enec pro ochranu osobn\u00edch \u00fadaj\u016f je osoba, kter\u00e1 je zku\u0161en\u00e1 v oblasti ochrany osobn\u00edch \u00fadaj\u016f a d\u011bl\u00e1 v\u0161e pro to, aby zpracov\u00e1n\u00ed prob\u00edhalo tak, jak m\u00e1, zejm\u00e9na v souladu s p\u0159\u00edslu\u0161n\u00fdmi pr\u00e1vn\u00edmi p\u0159edpisy. Rovn\u011b\u017e je to nejpovolan\u011bj\u0161\u00ed osoba pro vy\u0159izov\u00e1n\u00ed dotaz\u016f a \u017e\u00e1dost\u00ed t\u00fdkaj\u00edc\u00edch se osobn\u00edch \u00fadaj\u016f.<\/p>\n<p class=\"western\">Pov\u011b\u0159encem je pan Martin \u0160t\u011bp\u00e1nek, kter\u00e9ho lze kontaktovat na adrese stepanek@kasko-vs.cz nebo na telefonu +420 571 477 551.<\/p>\n<p>&nbsp;<\/p>\n<h2 class=\"western\">3.K jak\u00e9mu \u00fa\u010delu osobn\u00ed \u00fadaje pot\u0159ebujeme?<\/h2>\n<p class=\"western\">Spr\u00e1vce zpracov\u00e1v\u00e1 osobn\u00ed \u00fadaje k:<\/p>\n<ol type=\"a\">\n<li>zaji\u0161t\u011bn\u00ed uzav\u0159en\u00ed a n\u00e1sledn\u00e9ho pln\u011bn\u00ed smluvn\u00edho z\u00e1vazku mezi spr\u00e1vcem a V\u00e1mi (\u010dl. 6 odst. 1 p\u00edsm. b) GDPR). Z takov\u00e9ho vztahu vypl\u00fdvaj\u00ed dal\u0161\u00ed z\u00e1konn\u00e9 povinnosti a spr\u00e1vce tak mus\u00ed zpracov\u00e1vat osobn\u00ed \u00fadaje i za t\u00edmto \u00fa\u010delem (\u010dl. 6 odst. 1 p\u00edsm. c) GDPR);<\/li>\n<li>marketingov\u00fdm \u00fa\u010del\u016fm, aby spr\u00e1vce co nejl\u00e9pe p\u0159izp\u016fsobil nab\u00eddku sv\u00fdch produkt\u016f a slu\u017eeb a obchodn\u00ed sd\u011blen\u00ed ohledn\u011b nich Va\u0161im pot\u0159eb\u00e1m, pro tento \u00fa\u010del zpracov\u00e1n\u00ed spr\u00e1vce z\u00edsk\u00e1v\u00e1 V\u00e1\u0161 jednozna\u010dn\u00fd souhlas (\u010dl. 6 odst. 1 p\u00edsm. a) GDPR<\/li>\n<li>ochran\u011b sv\u00fdch opr\u00e1vn\u011bn\u00fdch z\u00e1jm\u016f (\u010dl. 6 odst. 1 p\u00edsm. f) GDPR).<\/li>\n<\/ol>\n<p class=\"western\">Poskytov\u00e1n\u00ed osobn\u00edch \u00fadaj\u016f spr\u00e1vci je obecn\u011b z\u00e1konn\u00fd a smluvn\u00ed po\u017eadavek. Ohledn\u011b poskytov\u00e1n\u00ed osobn\u00edch \u00fadaj\u016f pro marketingov\u00e9 \u00fa\u010dely, co\u017e nep\u0159edstavuje pln\u011bn\u00ed smluvn\u00ed a z\u00e1konn\u00e9 povinnosti spr\u00e1vce, je od V\u00e1s vy\u017eadov\u00e1n souhlas. Pokud spr\u00e1vci neud\u011bl\u00edte souhlas ke zpracov\u00e1n\u00ed osobn\u00edch \u00fadaj\u016f k marketingov\u00fdm \u00fa\u010del\u016fm, neznamen\u00e1 to, \u017ee by V\u00e1m spr\u00e1vce v d\u016fsledku toho odm\u00edtl poskytnout sv\u016fj v\u00fdrobek \u010di slu\u017ebu na z\u00e1klad\u011b smlouvy.<\/p>\n<p>&nbsp;<\/p>\n<h2 class=\"western\">4.Jak\u00e9 jsou na\u0161e opr\u00e1vn\u011bn\u00e9 z\u00e1jmy?<\/h2>\n<p class=\"western\">Osobn\u00ed \u00fadaje zpracov\u00e1v\u00e1 spr\u00e1vce rovn\u011b\u017e pro ochranu jeho opr\u00e1vn\u011bn\u00fdch z\u00e1jm\u016f. Opr\u00e1vn\u011bn\u00e9 z\u00e1jmy spr\u00e1vce jsou zejm\u00e9na \u0159\u00e1dn\u00e9 pln\u011bn\u00ed ve\u0161ker\u00fdch smluvn\u00edch z\u00e1vazk\u016f spr\u00e1vce, \u0159\u00e1dn\u00e9 pln\u011bn\u00ed ve\u0161ker\u00fdch z\u00e1konn\u00fdch povinnost\u00ed spr\u00e1vce, p\u0159\u00edm\u00fd marketing, ochrana spr\u00e1vcova podnik\u00e1n\u00ed a majetku a v neposledn\u00ed \u0159ad\u011b tak\u00e9 ochrana \u017eivotn\u00edho prost\u0159ed\u00ed a zaji\u0161t\u011bn\u00ed udr\u017eiteln\u00e9ho rozvoje.<\/p>\n<p class=\"western\">V z\u00e1jmu zaji\u0161t\u011bn\u00ed co nejv\u011bt\u0161\u00ed ochrany Va\u0161eho soukrom\u00ed, m\u00e1te pr\u00e1vo vzn\u00e9st n\u00e1mitku, aby Va\u0161e osobn\u00ed \u00fadaje byly zpracov\u00e1v\u00e1ny v\u00fdhradn\u011b pro nejnutn\u011bj\u0161\u00ed z\u00e1konn\u00e9 d\u016fvody nebo aby byly osobn\u00ed \u00fadaje blokov\u00e1ny. V\u00edce o Va\u0161ich pr\u00e1vech souvisej\u00edc\u00edch se zpracov\u00e1n\u00edm osobn\u00edch \u00fadaj\u016f se do\u010dtete v \u010dl\u00e1nku 11 tohoto informa\u010dn\u00edho memoranda.<\/p>\n<p class=\"western\">\n<h2 class=\"western\">5.Jak byly osobn\u00ed \u00fadaje z\u00edsk\u00e1ny?<\/h2>\n<p class=\"western\">Osobn\u00ed \u00fadaje spr\u00e1vce z\u00edskal p\u0159\u00edmo od V\u00e1s, a to zejm\u00e9na z vypln\u011bn\u00fdch formul\u00e1\u0159\u016f, vz\u00e1jemn\u00e9 komunikace nebo z uzav\u0159en\u00fdch smluv. Mimo to mohou osobn\u00ed \u00fadaje poch\u00e1zet tak\u00e9 z ve\u0159ejn\u011b dostupn\u00fdch zdroj\u016f, rejst\u0159\u00edk\u016f a evidenc\u00ed, nap\u0159\u00edklad z obchodn\u00edho rejst\u0159\u00edku, registru dlu\u017en\u00edk\u016f, profesn\u00edch registr\u016f, nebo nap\u0159\u00edklad Katastru nemovitost\u00ed. D\u00e1le spr\u00e1vce mohl z\u00edskat osobn\u00ed \u00fadaje od t\u0159et\u00edch stran, kter\u00e9 jsou opr\u00e1vn\u011bny k p\u0159\u00edstupu a zpracov\u00e1v\u00e1n\u00ed Va\u0161ich osobn\u00edch \u00fadaj\u016f a se kter\u00fdmi spolupracuje a d\u00e1le z informac\u00ed ze soci\u00e1ln\u00edch s\u00edt\u00ed a internetu, kter\u00e9 jste tam Vy s\u00e1m\/sama um\u00edstil\/a.<\/p>\n<h2 class=\"western\">6.Jak\u00e9 kategorie osobn\u00edch \u00fadaj\u016f jsou zpracov\u00e1v\u00e1ny?<\/h2>\n<p class=\"western\">K zaji\u0161t\u011bn\u00ed Va\u0161\u00ed spokojenosti z \u0159\u00e1dn\u00e9ho pln\u011bn\u00ed z\u00e1vazku, k zaji\u0161t\u011bn\u00ed pln\u011bn\u00ed z\u00e1konn\u00fdch povinnost\u00ed, k zaji\u0161t\u011bn\u00ed personalizovan\u00e9 nab\u00eddky zbo\u017e\u00ed a slu\u017eeb spr\u00e1vce a k dal\u0161\u00edm v\u00fd\u0161e vyjmenovan\u00fdm \u00fa\u010del\u016fm zpracov\u00e1v\u00e1 spr\u00e1vce n\u00e1sleduj\u00edc\u00ed kategorie osobn\u00edch \u00fadaj\u016f:<\/p>\n<ol type=\"a\">\n<li>z\u00e1kladn\u00ed identifika\u010dn\u00ed \u00fadaje \u2013 jm\u00e9no, p\u0159\u00edjmen\u00ed, datum narozen\u00ed , adresa bydli\u0161t\u011b, rodn\u00e9 \u010d\u00edslo a identifika\u010dn\u00ed \u010d\u00edslo;<\/li>\n<li>kontaktn\u00ed \u00fadaje \u2013 telefonn\u00ed \u010d\u00edslo a e-mailov\u00e1 adresa;<\/li>\n<li>informace ze vz\u00e1jemn\u00e9 komunikace \u2013 informace z e-mail\u016f, ze z\u00e1znam\u016f telefonick\u00fdch hovor\u016f nebo jin\u00fdch kontaktn\u00edch formul\u00e1\u0159\u016f;<\/li>\n<li>faktura\u010dn\u00ed a transak\u010dn\u00ed \u00fadaje \u2013 jedn\u00e1 se zejm\u00e9na o informace objevuj\u00edc\u00ed se na faktur\u00e1ch, o sjednan\u00fdch faktura\u010dn\u00edch podm\u00ednk\u00e1ch a o p\u0159ijat\u00fdch platb\u00e1ch;<\/li>\n<\/ol>\n<p class=\"western\">\n<h2 class=\"western\">7.Jak\u00fd je pr\u00e1vn\u00ed z\u00e1klad pro zpracov\u00e1n\u00ed osobn\u00edch \u00fadaj\u016f?<\/h2>\n<p class=\"western\">Z\u00e1konnost zpracov\u00e1n\u00ed je d\u00e1na \u010dl\u00e1nkem 6 odst. 1 GDPR, podle kter\u00e9ho je zpracov\u00e1n\u00ed z\u00e1konn\u00e9, je-li nezbytn\u00e9 pro spln\u011bn\u00ed smlouvy, pro spln\u011bn\u00ed pr\u00e1vn\u00ed povinnosti spr\u00e1vce, pro ochranu opr\u00e1vn\u011bn\u00fdch z\u00e1jm\u016f spr\u00e1vce nebo zpracov\u00e1n\u00ed prob\u00edh\u00e1 na z\u00e1klad\u011b souhlasu, kter\u00fd jste n\u00e1m ud\u011blil\/a.<\/p>\n<p class=\"western\">Z\u00e1konnost zpracov\u00e1n\u00ed d\u00e1le vych\u00e1z\u00ed nap\u0159\u00edklad ze z\u00e1kona \u010d. 563\/1991 Sb., o \u00fa\u010detnictv\u00ed, podle kter\u00e9ho jsou zpracov\u00e1v\u00e1ny a uchov\u00e1v\u00e1ny faktura\u010dn\u00ed \u00fadaje, ze z\u00e1kona \u010d. 89\/2012 Sb., ob\u010dansk\u00fd z\u00e1kon\u00edk, podle kter\u00e9ho h\u00e1j\u00ed spr\u00e1vce sv\u00e9 opr\u00e1vn\u011bn\u00e9 z\u00e1jmy nebo ze z\u00e1kona \u010d. 235\/2004 Sb., o dani z p\u0159idan\u00e9 hodnoty.<\/p>\n<p class=\"western\">\n<h2 class=\"western\">8.Budeme osobn\u00ed \u00fadaje p\u0159ed\u00e1vat n\u011bkomu dal\u0161\u00edmu?<\/h2>\n<p class=\"western\">Osobn\u00ed \u00fadaje mus\u00edme v r\u00e1mci z\u00e1konn\u00fdch mez\u00ed poskytnout org\u00e1n\u016fm st\u00e1tn\u00ed spr\u00e1vy, nap\u0159\u00edklad spr\u00e1vci dan\u011b, soud\u016fm, org\u00e1n\u016fm \u010dinn\u00fdm v trestn\u00edm \u0159\u00edzen\u00ed nebo org\u00e1n\u016fm dohledu nad kapit\u00e1lov\u00fdm trhem. D\u00e1le v\u00a0p\u0159\u00edpad\u011b realizace zak\u00e1zky m\u016f\u017eeme p\u0159edat na\u0161im smluvn\u00edm partner\u016fm.<\/p>\n<p>&nbsp;<\/p>\n<h2 class=\"western\">9.Budeme osobn\u00ed \u00fadaje p\u0159ed\u00e1vat do t\u0159et\u00ed zem\u011b nebo mezin\u00e1rodn\u00ed organizace?<\/h2>\n<p class=\"western\">Osobn\u00ed \u00fadaje nebudeme p\u0159ed\u00e1vat do zem\u00ed mimo Evropskou unii nebo Evropsk\u00fd hospod\u00e1\u0159sk\u00fdch prostor, ani do \u017e\u00e1dn\u00e9 mezin\u00e1rodn\u00ed organizace.<\/p>\n<h2 class=\"western\">10.Jak dlouho budeme osobn\u00ed \u00fadaje ukl\u00e1dat?<\/h2>\n<p class=\"western\">Osobn\u00ed \u00fadaje budou zpracov\u00e1v\u00e1ny a ukl\u00e1d\u00e1ny nejm\u00e9n\u011b po dobu trv\u00e1n\u00ed smlouvy. N\u011bkter\u00e9 osobn\u00ed \u00fadaje pot\u0159ebn\u00e9 nap\u0159. pro da\u0148ov\u00e9 a faktura\u010dn\u00ed povinnosti budou uchov\u00e1v\u00e1ny d\u00e9le, zpravidla 5 let po\u010d\u00ednaje rokem n\u00e1sleduj\u00edc\u00edm od vzniku uchov\u00e1van\u00e9 skute\u010dnosti.<\/p>\n<p class=\"western\">Osobn\u00ed \u00fadaje uvedn\u00e9 ve smlouv\u011b, kter\u00e9 jsou d\u016fle\u017eit\u00e9 pro uplatn\u011bn\u00ed opr\u00e1vn\u011bn\u00fdch z\u00e1jm\u016f spr\u00e1vce budou uchov\u00e1v\u00e1ny maxim\u00e1ln\u011b po dobu 3 let od konce smluvn\u00edho vztahu se spr\u00e1vcem.<\/p>\n<p class=\"western\">Osobn\u00ed \u00fadaje zpracov\u00e1van\u00e9 pro marketingov\u00e9 \u00fa\u010dely budou uchov\u00e1v\u00e1ny maxim\u00e1ln\u011b po dobu 3 let od jejich z\u00edsk\u00e1n\u00ed.<\/p>\n<p class=\"western\">Osobn\u00ed \u00fadaje nebudou nikdy uchov\u00e1v\u00e1ny d\u00e9le, ne\u017e je z\u00e1konem stanoven\u00e9 maximum. Po uplynut\u00ed archiva\u010dn\u00ed doby budou osobn\u00ed \u00fadaje bezpe\u010dn\u011b a nen\u00e1vratn\u011b zni\u010deny tak, aby nemohlo doj\u00edt k jejich zneu\u017eit\u00ed.<\/p>\n<p>&nbsp;<\/p>\n<h2 class=\"western\">11.Jak\u00e1 jsou va\u0161e pr\u00e1va souvisej\u00edc\u00ed se zpracov\u00e1v\u00e1n\u00edm osobn\u00edch \u00fadaj\u016f a jak je m\u016f\u017eete uplatnit?<\/h2>\n<p class=\"western\">\n<p class=\"western\">Spr\u00e1vce d\u011bl\u00e1 v\u0161e pro to, aby zpracov\u00e1n\u00ed Va\u0161ich \u00fadaj\u016f prob\u00edhalo \u0159\u00e1dn\u011b a p\u0159edev\u0161\u00edm bezpe\u010dn\u011b. V\u00e1m jsou garantov\u00e1na pr\u00e1va pops\u00e1na v tomto \u010dl\u00e1nku, kter\u00e1 m\u016f\u017eete u spr\u00e1vce uplatnit.<\/p>\n<ol type=\"a\">\n<li>\n<h4>Jak m\u016f\u017eete sv\u00e1 pr\u00e1va uplatnit?<\/h4>\n<\/li>\n<\/ol>\n<p class=\"western\">Jednotliv\u00e1 pr\u00e1va m\u016f\u017eete uplatnit zasl\u00e1n\u00edm e-mailu na adresu info@garter.cz<\/p>\n<p class=\"western\">Ve\u0161ker\u00e1 sd\u011blen\u00ed a vyj\u00e1d\u0159en\u00ed k V\u00e1mi uplatn\u011bn\u00fdm pr\u00e1v\u016fm poskytuje spr\u00e1vce bezplatn\u011b. Pokud by v\u0161ak byla \u017e\u00e1dost zjevn\u011b ned\u016fvodn\u00e1 nebo nep\u0159im\u011b\u0159en\u00e1, zejm\u00e9na proto, \u017ee by se opakovala, je spr\u00e1vce opr\u00e1vn\u011bn si \u00fa\u010dtovat p\u0159im\u011b\u0159en\u00fd poplatek zohled\u0148uj\u00edc\u00ed administrativn\u00ed n\u00e1klady spojen\u00e9 s poskytnut\u00edm po\u017eadovan\u00fdch informac\u00ed. V p\u0159\u00edpad\u011b opakovan\u00e9ho uplatn\u011bn\u00ed \u017e\u00e1dosti poskytnut\u00ed kopi\u00ed zpracov\u00e1van\u00fdch osobn\u00edch \u00fadaj\u016f si spr\u00e1vce vyhrazuje pr\u00e1vo z tohoto d\u016fvodu \u00fa\u010dtovat p\u0159im\u011b\u0159en\u00fd poplatek za administrativn\u00ed n\u00e1klady.<\/p>\n<p class=\"western\">Vyj\u00e1d\u0159en\u00ed a p\u0159\u00edpadn\u011b informace o p\u0159ijat\u00fdch opat\u0159en\u00edch V\u00e1m spr\u00e1vce poskytne co nejd\u0159\u00edve, nejpozd\u011bji v\u0161ak do jednoho m\u011bs\u00edce. Lh\u016ftu je spr\u00e1vce opr\u00e1vn\u011bn v p\u0159\u00edpad\u011b pot\u0159eby a s ohledem na slo\u017eitost a po\u010det \u017e\u00e1dost\u00ed prodlou\u017eit o dva m\u011bs\u00edce. O prodlou\u017een\u00ed v\u010detn\u011b uveden\u00ed d\u016fvod\u016f V\u00e1s bude spr\u00e1vce informovat.<\/p>\n<ol start=\"2\" type=\"a\">\n<li>\n<h4>Pr\u00e1vo na informace o zpracov\u00e1n\u00ed Va\u0161ich osobn\u00edch \u00fadaj\u016f<\/h4>\n<\/li>\n<\/ol>\n<p class=\"western\">Jste opr\u00e1vn\u011bn\/a od spr\u00e1vce po\u017eadovat informace, zda jsou osobn\u00ed \u00fadaje zpracov\u00e1v\u00e1ny \u010di nikoli. Pokud jsou osobn\u00ed \u00fadaje zpracov\u00e1v\u00e1ny, m\u00e1te pr\u00e1vo od spr\u00e1vce po\u017eadovat informace zejm\u00e9na o toto\u017enosti a kontaktn\u00edch \u00fadaj\u00edch spr\u00e1vce, jeho z\u00e1stupci a p\u0159\u00edpadn\u011b pov\u011b\u0159enci pro ochranu osobn\u00edch \u00fadaj\u016f, o \u00fa\u010delech zpracov\u00e1n\u00ed, o kategori\u00edch dot\u010den\u00fdch osobn\u00edch \u00fadaj\u016f, o p\u0159\u00edjemc\u00edch nebo kategori\u00edch p\u0159\u00edjemc\u016f osobn\u00edch \u00fadaj\u016f, o opr\u00e1vn\u011bn\u00fdch spr\u00e1vc\u00edch, o v\u00fd\u010dtu Va\u0161ich pr\u00e1v, o mo\u017enosti obr\u00e1tit se na \u00da\u0159ad pro ochranu osobn\u00edch \u00fadaj\u016f, o zdroji zpracov\u00e1van\u00fdch osobn\u00edch \u00fadaj\u016f a o automatizovan\u00e9m rozhodov\u00e1n\u00ed a profilov\u00e1n\u00ed.<\/p>\n<p class=\"western\">Pokud spr\u00e1vce hodl\u00e1 d\u00e1le Va\u0161e osobn\u00ed \u00fadaje zpracov\u00e1vat pro jin\u00fd \u00fa\u010del, ne\u017e pro kter\u00fd byly z\u00edsk\u00e1ny, poskytne V\u00e1m je\u0161t\u011b p\u0159ed uveden\u00fdm dal\u0161\u00edm zpracov\u00e1n\u00edm informace o tomto jin\u00e9m \u00fa\u010delu a dal\u0161\u00ed p\u0159\u00edslu\u0161n\u00e9 informace.<\/p>\n<p class=\"western\">Informace V\u00e1m poskytovan\u00e9 v r\u00e1mci uplatn\u011bn\u00ed tohoto pr\u00e1va jsou obsa\u017eeny ji\u017e v tomto memorandu, to V\u00e1m v\u0161ak nebr\u00e1n\u00ed, abyste si o n\u011b po\u017e\u00e1dali znovu.<\/p>\n<ol start=\"3\" type=\"a\">\n<li>\n<h4>Pr\u00e1vo na p\u0159\u00edstup k osobn\u00edm \u00fadaj\u016fm<\/h4>\n<\/li>\n<\/ol>\n<p class=\"western\">Jste opr\u00e1vn\u011bn\/a od spr\u00e1vce po\u017eadovat informaci, zda jsou Va\u0161e osobn\u00ed \u00fadaje jsou zpracov\u00e1v\u00e1ny \u010di nikoliv a pokud ano, m\u00e1te p\u0159\u00edstup k informac\u00edm o \u00fa\u010delech zpracov\u00e1n\u00ed, kategori\u00edch dot\u010den\u00fdch osobn\u00edch \u00fadaj\u016f, p\u0159\u00edjemc\u00edch nebo kategori\u00edch p\u0159\u00edjemc\u016f, dobu uchov\u00e1van\u00ed osobn\u00edch \u00fadaj\u016f, informace o Va\u0161ich pr\u00e1vech (pr\u00e1va po\u017eadovat od spr\u00e1vce opravu nebo v\u00fdmaz, omezen\u00ed zpracov\u00e1n\u00ed, vzn\u00e9st n\u00e1mitku proti tomuto zpracov\u00e1n\u00ed), o pr\u00e1vu podat st\u00ed\u017enost \u00da\u0159adu pro ochranu osobn\u00edch \u00fadaj\u016f, informace o zdroji osobn\u00edch \u00fadaj\u016f, informace o tom, zda doch\u00e1z\u00ed k automatizovan\u00e9mu rozhodov\u00e1n\u00ed a profilov\u00e1n\u00ed a informace t\u00fdkaj\u00edc\u00ed se pou\u017eit\u00e9ho postupu, jako\u017e i v\u00fdznamu a p\u0159edpokl\u00e1dan\u00fdch d\u016fsledk\u016f takov\u00e9ho zpracov\u00e1n\u00ed pro V\u00e1s, informace a z\u00e1ruky v p\u0159\u00edpad\u011b p\u0159ed\u00e1v\u00e1n\u00ed osobn\u00edch \u00fadaj\u016f do t\u0159et\u00ed zem\u011b nebo mezin\u00e1rodn\u00ed organizace. M\u00e1te pr\u00e1vo na poskytnut\u00ed kopi\u00ed zpracov\u00e1van\u00fdch osobn\u00edch \u00fadaj\u016f. Pr\u00e1vem z\u00edskat tuto kopii v\u0161ak nesm\u011bj\u00ed b\u00fdt nep\u0159\u00edzniv\u011b dot\u010dena pr\u00e1va a svobody jin\u00fdch osob.<\/p>\n<ol start=\"4\" type=\"a\">\n<li>\n<h4>Pr\u00e1vo na opravu<\/h4>\n<\/li>\n<\/ol>\n<p class=\"western\">Pokud do\u0161lo na Va\u0161\u00ed stran\u011b nap\u0159\u00edklad ke zm\u011bn\u011b bydli\u0161t\u011b, telefonn\u00edho \u010d\u00edsla nebo jin\u00e9 skute\u010dnosti, kterou lze pova\u017eovat za osobn\u00ed \u00fadaj, m\u00e1te pr\u00e1vo od spr\u00e1vce po\u017eadovat opravu zpracov\u00e1van\u00fdch osobn\u00edch \u00fadaj\u016f. Nav\u00edc m\u00e1te pr\u00e1vo na dopln\u011bn\u00ed ne\u00fapln\u00fdch osobn\u00edch \u00fadaj\u016f, a to i poskytnut\u00edm dodate\u010dn\u00e9ho prohl\u00e1\u0161en\u00ed.<\/p>\n<ol start=\"5\" type=\"a\">\n<li>\n<h4>Pr\u00e1vo na v\u00fdmaz (pr\u00e1vo b\u00fdt zapomenut)<\/h4>\n<\/li>\n<\/ol>\n<p class=\"western\">V ur\u010dit\u00fdch stanoven\u00fdch p\u0159\u00edpadech m\u00e1te pr\u00e1vo po\u017eadovat, abych spr\u00e1vce Va\u0161e osobn\u00ed \u00fadaje vymazal. Mezi takov\u00e9 p\u0159\u00edpady pat\u0159\u00ed nap\u0159\u00edklad, \u017ee zpracov\u00e1van\u00e9 \u00fadaje nejsou pro v\u00fd\u0161e zm\u00edn\u011bn\u00e9 \u00fa\u010dely nad\u00e1le pot\u0159ebn\u00e9. Spr\u00e1vce osobn\u00ed \u00fadaje ma\u017ee po uplynut\u00ed doby nezbytnosti automaticky, m\u016f\u017eete se v\u0161ak na n\u011bj se svou \u017e\u00e1dost\u00ed kdykoliv obr\u00e1tit. Va\u0161e \u017e\u00e1dost pak podl\u00e9h\u00e1 individu\u00e1ln\u00edmu posouzen\u00ed (i p\u0159es Va\u0161e pr\u00e1vo na v\u00fdmaz m\u016f\u017ee m\u00edt spr\u00e1vce povinnost \u010di opr\u00e1vn\u011bn\u00fd z\u00e1jem si Va\u0161e osobn\u00ed \u00fadaje ponechat) a o jej\u00edm vy\u0159\u00edzen\u00ed budete detailn\u011b informov\u00e1ni.<\/p>\n<ol start=\"6\" type=\"a\">\n<li>\n<h4>Pr\u00e1vo na omezen\u00ed zpracov\u00e1n\u00ed<\/h4>\n<\/li>\n<\/ol>\n<p class=\"western\">Spr\u00e1vce zpracov\u00e1v\u00e1 Va\u0161e osobn\u00ed \u00fadaje pouze v nezbytn\u011b nutn\u00e9m rozsahu. Pokud byste v\u0161ak m\u011bli pocit, \u017ee spr\u00e1vce nap\u0159. p\u0159ekra\u010duje v\u00fd\u0161e stanoven\u00e9 \u00fa\u010dely, pro kter\u00e9 osobn\u00ed \u00fadaje zpracov\u00e1v\u00e1, m\u016f\u017eete podat \u017e\u00e1dost, aby Va\u0161e osobn\u00ed \u00fadaje byly zpracov\u00e1v\u00e1ny v\u00fdhradn\u011b pro nejnutn\u011bj\u0161\u00ed z\u00e1konn\u00e9 d\u016fvody nebo aby byly osobn\u00ed \u00fadaje blokov\u00e1ny. Va\u0161e \u017e\u00e1dost pak podl\u00e9h\u00e1 individu\u00e1ln\u00edmu posouzen\u00ed a o jej\u00edm vy\u0159\u00edzen\u00ed budete detailn\u011b informov\u00e1ni.<\/p>\n<ol start=\"7\" type=\"a\">\n<li>\n<h4>Pr\u00e1vo na p\u0159enositelnost \u00fadaj\u016f<\/h4>\n<\/li>\n<\/ol>\n<p class=\"western\">Pokud si p\u0159ejete, aby spr\u00e1vce poskytl Va\u0161e osobn\u00ed \u00fadaje jin\u00e9mu spr\u00e1vci, resp. jin\u00e9 spole\u010dnosti, p\u0159ed\u00e1 spr\u00e1vce Va\u0161e osobn\u00ed \u00fadaje v odpov\u00eddaj\u00edc\u00edm form\u00e1tu, V\u00e1mi ur\u010den\u00e9mu subjektu, pokud mu v tom nebudou br\u00e1nit \u017e\u00e1dn\u00e9 z\u00e1konn\u00e9 \u010di jin\u00e9 v\u00fdznamn\u00e9 p\u0159ek\u00e1\u017eky.<\/p>\n<ol start=\"8\" type=\"a\">\n<li>\n<h4>Pr\u00e1vo vzn\u00e9st n\u00e1mitku a automatizovan\u00e9 individu\u00e1ln\u00ed rozhodov\u00e1n\u00ed<\/h4>\n<\/li>\n<\/ol>\n<p class=\"western\">Pokud byste zjistili nebo se jen domn\u00edv\u00e1te, \u017ee spr\u00e1vce prov\u00e1d\u00ed zpracov\u00e1n\u00ed osobn\u00edch \u00fadaj\u016f v rozporu s ochranou Va\u0161eho soukrom\u00e9ho a osobn\u00edho \u017eivota nebo v rozporu s pr\u00e1vn\u00edmi p\u0159edpisy (za p\u0159edpokladu, \u017ee osobn\u00ed \u00fadaje jsou spr\u00e1vcem zpracov\u00e1v\u00e1ny na z\u00e1klad\u011b ve\u0159ejn\u00e9ho nebo opr\u00e1vn\u011bn\u00e9ho z\u00e1jmu, nebo jsou zpracov\u00e1v\u00e1ny pro \u00fa\u010dely p\u0159\u00edm\u00e9ho marketingu, v\u010detn\u011b profilov\u00e1n\u00ed, \u010di pro statistick\u00e9 \u00fa\u010dely nebo pro \u00fa\u010dely v\u011bdeck\u00e9ho \u010di historick\u00e9ho v\u00fdznamu), m\u016f\u017eete se na spr\u00e1vce obr\u00e1tit a po\u017e\u00e1dat jej o vysv\u011btlen\u00ed \u010di odstran\u011bn\u00ed vznikl\u00e9ho z\u00e1vadn\u00e9ho stavu.<\/p>\n<ol start=\"9\" type=\"a\">\n<li>\n<h4>Pr\u00e1vo podat st\u00ed\u017enost u \u00da\u0159adu pro ochranu osobn\u00edch \u00fadaj\u016f<\/h4>\n<\/li>\n<\/ol>\n<p class=\"western\">M\u016f\u017eete se kdykoliv obr\u00e1tit s Va\u0161\u00edm podn\u011btem \u010di st\u00ed\u017enost\u00ed ve v\u011bci zpracov\u00e1n\u00ed osobn\u00edch \u00fadaj\u016f na dozorov\u00fd org\u00e1n, a to na \u00da\u0159ad na ochranu osobn\u00edch \u00fadaj\u016f, se s\u00eddlem Pplk. Sochora 27, 170 00 Praha 7, webov\u00e9 str\u00e1nky https:\/\/www.uoou.cz\/.<\/p>\n<ol start=\"10\" type=\"a\">\n<li>\n<h4>Pr\u00e1vo odvolat souhlas<\/h4>\n<\/li>\n<\/ol>\n<p class=\"western\">Ud\u011blen\u00fd souhlas se zpracov\u00e1n\u00edm osobn\u00edch \u00fadaj\u016f m\u00e1te pr\u00e1vo kdykoliv odvolat a to bu\u010f vypln\u011bn\u00edm formul\u00e1\u0159e\/od\u0161krtnut\u00edm pol\u00ed\u010dka\/zasl\u00e1n\u00edm odvol\u00e1n\u00ed na adresu s\u00eddla spr\u00e1vce nebo pomoc\u00ed linku v e-mailov\u00e9 komunikaci.<\/p>\n<h2 class=\"western\">12.Jsou osobn\u00ed \u00fadaje automaticky vyhodnocov\u00e1ny?<\/h2>\n<p class=\"western\">Osobn\u00ed \u00fadaje nejsou automaticky vyhodnocov\u00e1ny.<\/p>\n","protected":false},"excerpt":{"rendered":"<p>V\u00e1\u017een\u00ed z\u00e1kazn\u00edci a obchodn\u00ed partne\u0159i, dokument, kter\u00fd pr\u00e1v\u011b \u010dtete obsahuje z\u00e1kladn\u00ed informace ohledn\u011b toho, jak zpracov\u00e1v\u00e1me Va\u0161e osobn\u00ed \u00fadaje. V\u00e1\u017e\u00edme si toho, \u017ee s n\u00e1mi sv\u00e9 osobn\u00ed \u00fadaje sd\u00edl\u00edte a jsme odhodl\u00e1ni je v maxim\u00e1ln\u00ed mo\u017en\u00e9 m\u00ed\u0159e chr\u00e1nit. Rovn\u011b\u017e se sna\u017e\u00edme b\u00fdt ve vztahu k V\u00e1m co nejv\u00edce transparentn\u00ed, zejm\u00e9na ohledn\u011b toho, jak Va\u0161e osobn\u00ed&hellip;<\/p>\n","protected":false},"author":1,"featured_media":0,"parent":0,"menu_order":0,"comment_status":"closed","ping_status":"closed","template":"","meta":[],"yoast_head":"<!-- This site is optimized with the Yoast SEO plugin v19.12 - https:\/\/yoast.com\/wordpress\/plugins\/seo\/ -->\n<title>INFORMA\u010cN\u00cd MEMORANDUM SE ZPRACOV\u00c1N\u00cdM OSOBN\u00cdCH \u00daDAJ\u016e | GARTER<\/title>\n<meta name=\"robots\" content=\"index, follow, max-snippet:-1, max-image-preview:large, max-video-preview:-1\" \/>\n<link rel=\"canonical\" href=\"https:\/\/www.garter.cz\/index.php\/informacni-memorandum-se-zpracovanim-osobnich-udaju\/\" \/>\n<meta property=\"og:locale\" content=\"cs_CZ\" \/>\n<meta property=\"og:type\" content=\"article\" \/>\n<meta property=\"og:title\" content=\"INFORMA\u010cN\u00cd MEMORANDUM SE ZPRACOV\u00c1N\u00cdM OSOBN\u00cdCH \u00daDAJ\u016e | GARTER\" \/>\n<meta property=\"og:description\" content=\"V\u00e1\u017een\u00ed z\u00e1kazn\u00edci a obchodn\u00ed partne\u0159i, dokument, kter\u00fd pr\u00e1v\u011b \u010dtete obsahuje z\u00e1kladn\u00ed informace ohledn\u011b toho, jak zpracov\u00e1v\u00e1me Va\u0161e osobn\u00ed \u00fadaje. V\u00e1\u017e\u00edme si toho, \u017ee s n\u00e1mi sv\u00e9 osobn\u00ed \u00fadaje sd\u00edl\u00edte a jsme odhodl\u00e1ni je v maxim\u00e1ln\u00ed mo\u017en\u00e9 m\u00ed\u0159e chr\u00e1nit. Rovn\u011b\u017e se sna\u017e\u00edme b\u00fdt ve vztahu k V\u00e1m co nejv\u00edce transparentn\u00ed, zejm\u00e9na ohledn\u011b toho, jak Va\u0161e osobn\u00ed&hellip;\" \/>\n<meta property=\"og:url\" content=\"https:\/\/www.garter.cz\/index.php\/informacni-memorandum-se-zpracovanim-osobnich-udaju\/\" \/>\n<meta property=\"og:site_name\" content=\"GARTER\" \/>\n<meta property=\"article:publisher\" content=\"https:\/\/www.facebook.com\/Garter-180263639189596\/\" \/>\n<meta name=\"twitter:card\" content=\"summary_large_image\" \/>\n<meta name=\"twitter:label1\" content=\"Odhadovan\u00e1 doba \u010dten\u00ed\" \/>\n\t<meta name=\"twitter:data1\" content=\"15 minut\" \/>\n<script type=\"application\/ld+json\" class=\"yoast-schema-graph\">{\"@context\":\"https:\/\/schema.org\",\"@graph\":[{\"@type\":\"WebPage\",\"@id\":\"https:\/\/www.garter.cz\/index.php\/informacni-memorandum-se-zpracovanim-osobnich-udaju\/\",\"url\":\"https:\/\/www.garter.cz\/index.php\/informacni-memorandum-se-zpracovanim-osobnich-udaju\/\",\"name\":\"INFORMA\u010cN\u00cd MEMORANDUM SE ZPRACOV\u00c1N\u00cdM OSOBN\u00cdCH \u00daDAJ\u016e | GARTER\",\"isPartOf\":{\"@id\":\"https:\/\/www.garter.cz\/#website\"},\"datePublished\":\"2019-08-19T16:34:51+00:00\",\"dateModified\":\"2019-08-19T16:34:51+00:00\",\"breadcrumb\":{\"@id\":\"https:\/\/www.garter.cz\/index.php\/informacni-memorandum-se-zpracovanim-osobnich-udaju\/#breadcrumb\"},\"inLanguage\":\"cs\",\"potentialAction\":[{\"@type\":\"ReadAction\",\"target\":[\"https:\/\/www.garter.cz\/index.php\/informacni-memorandum-se-zpracovanim-osobnich-udaju\/\"]}]},{\"@type\":\"BreadcrumbList\",\"@id\":\"https:\/\/www.garter.cz\/index.php\/informacni-memorandum-se-zpracovanim-osobnich-udaju\/#breadcrumb\",\"itemListElement\":[{\"@type\":\"ListItem\",\"position\":1,\"name\":\"Dom\u016f\",\"item\":\"https:\/\/www.garter.cz\/\"},{\"@type\":\"ListItem\",\"position\":2,\"name\":\"INFORMA\u010cN\u00cd MEMORANDUM SE ZPRACOV\u00c1N\u00cdM OSOBN\u00cdCH \u00daDAJ\u016e\"}]},{\"@type\":\"WebSite\",\"@id\":\"https:\/\/www.garter.cz\/#website\",\"url\":\"https:\/\/www.garter.cz\/\",\"name\":\"GARTER\",\"description\":\"Profesion\u00e1ln\u00ed st\u00edn\u00edc\u00ed technika\",\"publisher\":{\"@id\":\"https:\/\/www.garter.cz\/#organization\"},\"potentialAction\":[{\"@type\":\"SearchAction\",\"target\":{\"@type\":\"EntryPoint\",\"urlTemplate\":\"https:\/\/www.garter.cz\/?s={search_term_string}\"},\"query-input\":\"required name=search_term_string\"}],\"inLanguage\":\"cs\"},{\"@type\":\"Organization\",\"@id\":\"https:\/\/www.garter.cz\/#organization\",\"name\":\"GARTER\",\"url\":\"https:\/\/www.garter.cz\/\",\"logo\":{\"@type\":\"ImageObject\",\"inLanguage\":\"cs\",\"@id\":\"https:\/\/www.garter.cz\/#\/schema\/logo\/image\/\",\"url\":\"https:\/\/www.garter.cz\/wp-content\/uploads\/2017\/10\/logo-pr\u016fhledn\u00e9-e1508868751734.png\",\"contentUrl\":\"https:\/\/www.garter.cz\/wp-content\/uploads\/2017\/10\/logo-pr\u016fhledn\u00e9-e1508868751734.png\",\"width\":50,\"height\":50,\"caption\":\"GARTER\"},\"image\":{\"@id\":\"https:\/\/www.garter.cz\/#\/schema\/logo\/image\/\"},\"sameAs\":[\"https:\/\/www.facebook.com\/Garter-180263639189596\/\"]}]}<\/script>\n<!-- \/ Yoast SEO plugin. -->","yoast_head_json":{"title":"INFORMA\u010cN\u00cd MEMORANDUM SE ZPRACOV\u00c1N\u00cdM OSOBN\u00cdCH \u00daDAJ\u016e | GARTER","robots":{"index":"index","follow":"follow","max-snippet":"max-snippet:-1","max-image-preview":"max-image-preview:large","max-video-preview":"max-video-preview:-1"},"canonical":"https:\/\/www.garter.cz\/index.php\/informacni-memorandum-se-zpracovanim-osobnich-udaju\/","og_locale":"cs_CZ","og_type":"article","og_title":"INFORMA\u010cN\u00cd MEMORANDUM SE ZPRACOV\u00c1N\u00cdM OSOBN\u00cdCH \u00daDAJ\u016e | GARTER","og_description":"V\u00e1\u017een\u00ed z\u00e1kazn\u00edci a obchodn\u00ed partne\u0159i, dokument, kter\u00fd pr\u00e1v\u011b \u010dtete obsahuje z\u00e1kladn\u00ed informace ohledn\u011b toho, jak zpracov\u00e1v\u00e1me Va\u0161e osobn\u00ed \u00fadaje. V\u00e1\u017e\u00edme si toho, \u017ee s n\u00e1mi sv\u00e9 osobn\u00ed \u00fadaje sd\u00edl\u00edte a jsme odhodl\u00e1ni je v maxim\u00e1ln\u00ed mo\u017en\u00e9 m\u00ed\u0159e chr\u00e1nit. Rovn\u011b\u017e se sna\u017e\u00edme b\u00fdt ve vztahu k V\u00e1m co nejv\u00edce transparentn\u00ed, zejm\u00e9na ohledn\u011b toho, jak Va\u0161e osobn\u00ed&hellip;","og_url":"https:\/\/www.garter.cz\/index.php\/informacni-memorandum-se-zpracovanim-osobnich-udaju\/","og_site_name":"GARTER","article_publisher":"https:\/\/www.facebook.com\/Garter-180263639189596\/","twitter_card":"summary_large_image","twitter_misc":{"Odhadovan\u00e1 doba \u010dten\u00ed":"15 minut"},"schema":{"@context":"https:\/\/schema.org","@graph":[{"@type":"WebPage","@id":"https:\/\/www.garter.cz\/index.php\/informacni-memorandum-se-zpracovanim-osobnich-udaju\/","url":"https:\/\/www.garter.cz\/index.php\/informacni-memorandum-se-zpracovanim-osobnich-udaju\/","name":"INFORMA\u010cN\u00cd MEMORANDUM SE ZPRACOV\u00c1N\u00cdM OSOBN\u00cdCH \u00daDAJ\u016e | GARTER","isPartOf":{"@id":"https:\/\/www.garter.cz\/#website"},"datePublished":"2019-08-19T16:34:51+00:00","dateModified":"2019-08-19T16:34:51+00:00","breadcrumb":{"@id":"https:\/\/www.garter.cz\/index.php\/informacni-memorandum-se-zpracovanim-osobnich-udaju\/#breadcrumb"},"inLanguage":"cs","potentialAction":[{"@type":"ReadAction","target":["https:\/\/www.garter.cz\/index.php\/informacni-memorandum-se-zpracovanim-osobnich-udaju\/"]}]},{"@type":"BreadcrumbList","@id":"https:\/\/www.garter.cz\/index.php\/informacni-memorandum-se-zpracovanim-osobnich-udaju\/#breadcrumb","itemListElement":[{"@type":"ListItem","position":1,"name":"Dom\u016f","item":"https:\/\/www.garter.cz\/"},{"@type":"ListItem","position":2,"name":"INFORMA\u010cN\u00cd MEMORANDUM SE ZPRACOV\u00c1N\u00cdM OSOBN\u00cdCH \u00daDAJ\u016e"}]},{"@type":"WebSite","@id":"https:\/\/www.garter.cz\/#website","url":"https:\/\/www.garter.cz\/","name":"GARTER","description":"Profesion\u00e1ln\u00ed st\u00edn\u00edc\u00ed technika","publisher":{"@id":"https:\/\/www.garter.cz\/#organization"},"potentialAction":[{"@type":"SearchAction","target":{"@type":"EntryPoint","urlTemplate":"https:\/\/www.garter.cz\/?s={search_term_string}"},"query-input":"required name=search_term_string"}],"inLanguage":"cs"},{"@type":"Organization","@id":"https:\/\/www.garter.cz\/#organization","name":"GARTER","url":"https:\/\/www.garter.cz\/","logo":{"@type":"ImageObject","inLanguage":"cs","@id":"https:\/\/www.garter.cz\/#\/schema\/logo\/image\/","url":"https:\/\/www.garter.cz\/wp-content\/uploads\/2017\/10\/logo-pr\u016fhledn\u00e9-e1508868751734.png","contentUrl":"https:\/\/www.garter.cz\/wp-content\/uploads\/2017\/10\/logo-pr\u016fhledn\u00e9-e1508868751734.png","width":50,"height":50,"caption":"GARTER"},"image":{"@id":"https:\/\/www.garter.cz\/#\/schema\/logo\/image\/"},"sameAs":["https:\/\/www.facebook.com\/Garter-180263639189596\/"]}]}},"_links":{"self":[{"href":"https:\/\/www.garter.cz\/index.php\/wp-json\/wp\/v2\/pages\/677"}],"collection":[{"href":"https:\/\/www.garter.cz\/index.php\/wp-json\/wp\/v2\/pages"}],"about":[{"href":"https:\/\/www.garter.cz\/index.php\/wp-json\/wp\/v2\/types\/page"}],"author":[{"embeddable":true,"href":"https:\/\/www.garter.cz\/index.php\/wp-json\/wp\/v2\/users\/1"}],"replies":[{"embeddable":true,"href":"https:\/\/www.garter.cz\/index.php\/wp-json\/wp\/v2\/comments?post=677"}],"version-history":[{"count":1,"href":"https:\/\/www.garter.cz\/index.php\/wp-json\/wp\/v2\/pages\/677\/revisions"}],"predecessor-version":[{"id":678,"href":"https:\/\/www.garter.cz\/index.php\/wp-json\/wp\/v2\/pages\/677\/revisions\/678"}],"wp:attachment":[{"href":"https:\/\/www.garter.cz\/index.php\/wp-json\/wp\/v2\/media?parent=677"}],"curies":[{"name":"wp","href":"https:\/\/api.w.org\/{rel}","templated":true}]}}